{"id":2817,"date":"2025-05-12T14:27:12","date_gmt":"2025-05-12T14:27:12","guid":{"rendered":"https:\/\/psicoeducalleida.com\/?page_id=2817"},"modified":"2025-05-13T05:59:34","modified_gmt":"2025-05-13T05:59:34","slug":"blog","status":"publish","type":"page","link":"https:\/\/psicoeducalleida.com\/es\/blog\/","title":{"rendered":"Blog"},"content":{"rendered":"<div class=\"wp-block-uagb-container uagb-block-25efe059 alignfull uagb-is-root-container\"><div class=\"uagb-container-inner-blocks-wrap\">\n<div class=\"wp-block-uagb-advanced-heading uagb-block-152b2cf8\"><h1 class=\"uagb-heading-text\">Blog<\/h1><\/div>\n<\/div><\/div>\n\n\n\n<div style=\"height:100px\" aria-hidden=\"true\" class=\"wp-block-spacer\"><\/div>\n\n\n\n<div class=\"wp-block-uagb-advanced-heading uagb-block-44b7285f\"><h2 class=\"uagb-heading-text\">Entrades del blog<\/h2><\/div>\n\n\n\n<div style=\"height:49px\" aria-hidden=\"true\" class=\"wp-block-spacer\"><\/div>\n\n\n<style>.kb-posts-id-2817_84a78b-53 .kb-post-list-item{display:grid;}<\/style><ul class=\"wp-block-kadence-posts kb-posts kadence-posts-list kb-posts-id-2817_84a78b-53 content-wrap grid-cols kb-posts-style-boxed grid-sm-col-2 grid-lg-col-3 item-image-style-above\"><li class=\"kb-post-list-item\">\n\t<article class=\"entry content-bg loop-entry post-1985 post type-post status-publish format-standard has-post-thumbnail hentry category-blog tag-benestar-emocional-familia tag-comunicacio-familiar tag-comunicacio-pares-fills tag-gemma-llovera tag-problemes-emocionals-adolescents tag-problemes-emocionals-nens tag-psicoeduca-lleida tag-suport-emocional-familiar tag-vincle-familiar\">\n\t\t\t\t<a aria-hidden=\"true\" tabindex=\"-1\" role=\"presentation\" class=\"post-thumbnail kadence-thumbnail-ratio-2-3\" href=\"https:\/\/psicoeducalleida.com\/es\/la-comunicacio-familiar-clau-per-abordar-els-problemes-emocionals-dels-fills\/\" aria-label=\"La comunicaci\u00f3n familiar: Clave para abordar los problemas emocionales de los hijos\">\n\t\t\t<div class=\"post-thumbnail-inner\">\n\t\t\t\t<img loading=\"lazy\" decoding=\"async\" width=\"2560\" height=\"1455\" src=\"https:\/\/psicoeducalleida.com\/wp-content\/uploads\/2025\/04\/1-scaled-e1745473908365.jpg\" class=\"attachment-full size-full wp-post-image\" alt=\"La comunicaci\u00f3 familiar: Clau per abordar els problemes emocionals dels fills\" srcset=\"https:\/\/psicoeducalleida.com\/wp-content\/uploads\/2025\/04\/1-scaled-e1745473908365.jpg 2560w, https:\/\/psicoeducalleida.com\/wp-content\/uploads\/2025\/04\/1-scaled-e1745473908365-300x171.jpg 300w, https:\/\/psicoeducalleida.com\/wp-content\/uploads\/2025\/04\/1-scaled-e1745473908365-1024x582.jpg 1024w, https:\/\/psicoeducalleida.com\/wp-content\/uploads\/2025\/04\/1-scaled-e1745473908365-768x437.jpg 768w, https:\/\/psicoeducalleida.com\/wp-content\/uploads\/2025\/04\/1-scaled-e1745473908365-1536x873.jpg 1536w, https:\/\/psicoeducalleida.com\/wp-content\/uploads\/2025\/04\/1-scaled-e1745473908365-2048x1164.jpg 2048w\" sizes=\"auto, (max-width: 2560px) 100vw, 2560px\" \/>\t\t\t<\/div>\n\t\t<\/a><!-- .post-thumbnail -->\n\t\t\t\t<div class=\"entry-content-wrap\">\n\t\t\t<header class=\"entry-header\">\n\t\t<div class=\"entry-taxonomies\">\n\t\t<span class=\"category-links term-links category-style-normal\">\n\t\t\t<a href=\"https:\/\/psicoeducalleida.com\/es\/category\/blog\/\" rel=\"category tag\">Blog<\/a>\t\t<\/span>\n\t<\/div><!-- .entry-taxonomies -->\n\t<h2 class=\"entry-title\"><a href=\"https:\/\/psicoeducalleida.com\/es\/la-comunicacio-familiar-clau-per-abordar-els-problemes-emocionals-dels-fills\/\" rel=\"bookmark\">La comunicaci\u00f3n familiar: Clave para abordar los problemas emocionales de los hijos<\/a><\/h2><\/header><!-- .entry-header -->\n\t<div class=\"entry-summary\">\n\t\t<p>A Psicoeduca Lleida, creiem fermament que una comunicaci\u00f3 oberta i honesta dins de la fam\u00edlia \u00e9s un pilar fonamental per al benestar emocional dels nens i adolescents. Crear un espai segur on els fills se sentin escoltats i compresos els ajuda a gestionar millor les seves emocions i a afrontar els reptes de la vida. [&hellip;]<\/p>\n\t<\/div><!-- .entry-summary -->\n\t<footer class=\"entry-footer\">\n\t\t\t<div class=\"entry-actions\">\n\t\t\t<p class=\"more-link-wrap\">\n\t\t\t\t<a href=\"https:\/\/psicoeducalleida.com\/es\/la-comunicacio-familiar-clau-per-abordar-els-problemes-emocionals-dels-fills\/\" class=\"post-more-link\">\n\t\t\t\t\tLlig m\u00e9s<span class=\"screen-reader-text\"> La comunicaci\u00f3n familiar: Clave para abordar los problemas emocionales de los hijos<\/span><span class=\"kadence-svg-iconset svg-baseline\"><svg aria-hidden=\"true\" class=\"kadence-svg-icon kadence-arrow-right-alt-svg\" fill=\"currentColor\" version=\"1.1\" xmlns=\"http:\/\/www.w3.org\/2000\/svg\" width=\"27\" height=\"28\" viewbox=\"0 0 27 28\"><title>Continuar<\/title><path d=\"M27 13.953c0 0.141-0.063 0.281-0.156 0.375l-6 5.531c-0.156 0.141-0.359 0.172-0.547 0.094-0.172-0.078-0.297-0.25-0.297-0.453v-3.5h-19.5c-0.281 0-0.5-0.219-0.5-0.5v-3c0-0.281 0.219-0.5 0.5-0.5h19.5v-3.5c0-0.203 0.109-0.375 0.297-0.453s0.391-0.047 0.547 0.078l6 5.469c0.094 0.094 0.156 0.219 0.156 0.359v0z\"><\/path>\n\t\t\t<\/svg><\/span>\t\t\t\t<\/a>\n\t\t\t<\/p>\n\t\t<\/div><!-- .entry-actions -->\n\t\t<\/footer><!-- .entry-footer -->\t\t<\/div>\n\t<\/article>\n<\/li>\n<li class=\"kb-post-list-item\">\n\t<article class=\"entry content-bg loop-entry post-1983 post type-post status-publish format-standard has-post-thumbnail hentry category-blog tag-consells-pares-tecnologia tag-control-parental tag-crianca-digital-lleida tag-educacio-digital tag-limits-temps-pantalla tag-seguretat-online-adolescents tag-seguretat-online-nens tag-us-tecnologia-adolescents tag-us-tecnologia-nens\">\n\t\t\t\t<a aria-hidden=\"true\" tabindex=\"-1\" role=\"presentation\" class=\"post-thumbnail kadence-thumbnail-ratio-2-3\" href=\"https:\/\/psicoeducalleida.com\/es\/guia-per-a-pares-de-lleida-navegant-lus-de-la-tecnologia-en-nens-i-adolescents\/\" aria-label=\"Guia per a pares de Lleida: Navegant l&#8217;\u00fas de la tecnologia en nens i adolescents\">\n\t\t\t<div class=\"post-thumbnail-inner\">\n\t\t\t\t<img loading=\"lazy\" decoding=\"async\" width=\"2560\" height=\"1306\" src=\"https:\/\/psicoeducalleida.com\/wp-content\/uploads\/2025\/04\/2-scaled-e1745473698541.png\" class=\"attachment-full size-full wp-post-image\" alt=\"Guia per a pares de Lleida: Navegant l&#8217;\u00fas de la tecnologia en nens i adolescents\" srcset=\"https:\/\/psicoeducalleida.com\/wp-content\/uploads\/2025\/04\/2-scaled-e1745473698541.png 2560w, https:\/\/psicoeducalleida.com\/wp-content\/uploads\/2025\/04\/2-scaled-e1745473698541-300x153.png 300w, https:\/\/psicoeducalleida.com\/wp-content\/uploads\/2025\/04\/2-scaled-e1745473698541-1024x522.png 1024w, https:\/\/psicoeducalleida.com\/wp-content\/uploads\/2025\/04\/2-scaled-e1745473698541-768x392.png 768w, https:\/\/psicoeducalleida.com\/wp-content\/uploads\/2025\/04\/2-scaled-e1745473698541-1536x784.png 1536w, https:\/\/psicoeducalleida.com\/wp-content\/uploads\/2025\/04\/2-scaled-e1745473698541-2048x1045.png 2048w\" sizes=\"auto, (max-width: 2560px) 100vw, 2560px\" \/>\t\t\t<\/div>\n\t\t<\/a><!-- .post-thumbnail -->\n\t\t\t\t<div class=\"entry-content-wrap\">\n\t\t\t<header class=\"entry-header\">\n\t\t<div class=\"entry-taxonomies\">\n\t\t<span class=\"category-links term-links category-style-normal\">\n\t\t\t<a href=\"https:\/\/psicoeducalleida.com\/es\/category\/blog\/\" rel=\"category tag\">Blog<\/a>\t\t<\/span>\n\t<\/div><!-- .entry-taxonomies -->\n\t<h2 class=\"entry-title\"><a href=\"https:\/\/psicoeducalleida.com\/es\/guia-per-a-pares-de-lleida-navegant-lus-de-la-tecnologia-en-nens-i-adolescents\/\" rel=\"bookmark\">Guia per a pares de Lleida: Navegant l&#8217;\u00fas de la tecnologia en nens i adolescents<\/a><\/h2><\/header><!-- .entry-header -->\n\t<div class=\"entry-summary\">\n\t\t<p>La tecnologia forma part del dia a dia dels nostres fills, i com a pares a Lleida, tenim el repte d&#8217;acompanyar-los en un \u00fas segur i saludable. Com a pares a Lleida, ens trobem amb el repte constant d&#8217;acompanyar-los en aquest m\u00f3n digital, assegurant un \u00fas que sigui alhora enriquidor i segur per al seu [&hellip;]<\/p>\n\t<\/div><!-- .entry-summary -->\n\t<footer class=\"entry-footer\">\n\t\t\t<div class=\"entry-actions\">\n\t\t\t<p class=\"more-link-wrap\">\n\t\t\t\t<a href=\"https:\/\/psicoeducalleida.com\/es\/guia-per-a-pares-de-lleida-navegant-lus-de-la-tecnologia-en-nens-i-adolescents\/\" class=\"post-more-link\">\n\t\t\t\t\tLlig m\u00e9s<span class=\"screen-reader-text\"> Guia per a pares de Lleida: Navegant l&#8217;\u00fas de la tecnologia en nens i adolescents<\/span><span class=\"kadence-svg-iconset svg-baseline\"><svg aria-hidden=\"true\" class=\"kadence-svg-icon kadence-arrow-right-alt-svg\" fill=\"currentColor\" version=\"1.1\" xmlns=\"http:\/\/www.w3.org\/2000\/svg\" width=\"27\" height=\"28\" viewbox=\"0 0 27 28\"><title>Continuar<\/title><path d=\"M27 13.953c0 0.141-0.063 0.281-0.156 0.375l-6 5.531c-0.156 0.141-0.359 0.172-0.547 0.094-0.172-0.078-0.297-0.25-0.297-0.453v-3.5h-19.5c-0.281 0-0.5-0.219-0.5-0.5v-3c0-0.281 0.219-0.5 0.5-0.5h19.5v-3.5c0-0.203 0.109-0.375 0.297-0.453s0.391-0.047 0.547 0.078l6 5.469c0.094 0.094 0.156 0.219 0.156 0.359v0z\"><\/path>\n\t\t\t<\/svg><\/span>\t\t\t\t<\/a>\n\t\t\t<\/p>\n\t\t<\/div><!-- .entry-actions -->\n\t\t<\/footer><!-- .entry-footer -->\t\t<\/div>\n\t<\/article>\n<\/li>\n<li class=\"kb-post-list-item\">\n\t<article class=\"entry content-bg loop-entry post-1981 post type-post status-publish format-standard has-post-thumbnail hentry category-blog tag-ajuda-adolescents-lleida tag-ansietat-adolescents tag-benestar-emocional-adolescents tag-estres-adolescents tag-salut-mental-adolescents-lleida tag-suport-emocional-adolescents tag-terapia-adolescents-lleida\">\n\t\t\t\t<a aria-hidden=\"true\" tabindex=\"-1\" role=\"presentation\" class=\"post-thumbnail kadence-thumbnail-ratio-2-3\" href=\"https:\/\/psicoeducalleida.com\/es\/benestar-emocional-adolescent-troba-ajuda-i-suport-a-lleida-2\/\" aria-label=\"Benestar emocional adolescent: Troba ajuda i suport a Lleida\">\n\t\t\t<div class=\"post-thumbnail-inner\">\n\t\t\t\t<img loading=\"lazy\" decoding=\"async\" width=\"2560\" height=\"1770\" src=\"https:\/\/psicoeducalleida.com\/wp-content\/uploads\/2025\/04\/3-scaled-e1745473872406.jpg\" class=\"attachment-full size-full wp-post-image\" alt=\"Benestar emocional adolescent: Troba ajuda i suport a Lleida\" srcset=\"https:\/\/psicoeducalleida.com\/wp-content\/uploads\/2025\/04\/3-scaled-e1745473872406.jpg 2560w, https:\/\/psicoeducalleida.com\/wp-content\/uploads\/2025\/04\/3-scaled-e1745473872406-300x207.jpg 300w, https:\/\/psicoeducalleida.com\/wp-content\/uploads\/2025\/04\/3-scaled-e1745473872406-1024x708.jpg 1024w, https:\/\/psicoeducalleida.com\/wp-content\/uploads\/2025\/04\/3-scaled-e1745473872406-768x531.jpg 768w, https:\/\/psicoeducalleida.com\/wp-content\/uploads\/2025\/04\/3-scaled-e1745473872406-1536x1062.jpg 1536w, https:\/\/psicoeducalleida.com\/wp-content\/uploads\/2025\/04\/3-scaled-e1745473872406-2048x1416.jpg 2048w\" sizes=\"auto, (max-width: 2560px) 100vw, 2560px\" \/>\t\t\t<\/div>\n\t\t<\/a><!-- .post-thumbnail -->\n\t\t\t\t<div class=\"entry-content-wrap\">\n\t\t\t<header class=\"entry-header\">\n\t\t<div class=\"entry-taxonomies\">\n\t\t<span class=\"category-links term-links category-style-normal\">\n\t\t\t<a href=\"https:\/\/psicoeducalleida.com\/es\/category\/blog\/\" rel=\"category tag\">Blog<\/a>\t\t<\/span>\n\t<\/div><!-- .entry-taxonomies -->\n\t<h2 class=\"entry-title\"><a href=\"https:\/\/psicoeducalleida.com\/es\/benestar-emocional-adolescent-troba-ajuda-i-suport-a-lleida-2\/\" rel=\"bookmark\">Benestar emocional adolescent: Troba ajuda i suport a Lleida<\/a><\/h2><\/header><!-- .entry-header -->\n\t<div class=\"entry-summary\">\n\t\t<p>L&#8217;adolesc\u00e8ncia \u00e9s una etapa de grans canvis i desafiaments, i per als joves de Lleida, com per a molts arreu, cuidar el benestar emocional \u00e9s fonamental. A Psicoeduca, entenem la import\u00e0ncia d&#8217;oferir eines i recursos per afrontar les dificultats d&#8217;aquesta etapa. Reptes comuns per al benestar emocional adolescent: On trobar ajuda i suport a Lleida: [&hellip;]<\/p>\n\t<\/div><!-- .entry-summary -->\n\t<footer class=\"entry-footer\">\n\t\t\t<div class=\"entry-actions\">\n\t\t\t<p class=\"more-link-wrap\">\n\t\t\t\t<a href=\"https:\/\/psicoeducalleida.com\/es\/benestar-emocional-adolescent-troba-ajuda-i-suport-a-lleida-2\/\" class=\"post-more-link\">\n\t\t\t\t\tLlig m\u00e9s<span class=\"screen-reader-text\"> Benestar emocional adolescent: Troba ajuda i suport a Lleida<\/span><span class=\"kadence-svg-iconset svg-baseline\"><svg aria-hidden=\"true\" class=\"kadence-svg-icon kadence-arrow-right-alt-svg\" fill=\"currentColor\" version=\"1.1\" xmlns=\"http:\/\/www.w3.org\/2000\/svg\" width=\"27\" height=\"28\" viewbox=\"0 0 27 28\"><title>Continuar<\/title><path d=\"M27 13.953c0 0.141-0.063 0.281-0.156 0.375l-6 5.531c-0.156 0.141-0.359 0.172-0.547 0.094-0.172-0.078-0.297-0.25-0.297-0.453v-3.5h-19.5c-0.281 0-0.5-0.219-0.5-0.5v-3c0-0.281 0.219-0.5 0.5-0.5h19.5v-3.5c0-0.203 0.109-0.375 0.297-0.453s0.391-0.047 0.547 0.078l6 5.469c0.094 0.094 0.156 0.219 0.156 0.359v0z\"><\/path>\n\t\t\t<\/svg><\/span>\t\t\t\t<\/a>\n\t\t\t<\/p>\n\t\t<\/div><!-- .entry-actions -->\n\t\t<\/footer><!-- .entry-footer -->\t\t<\/div>\n\t<\/article>\n<\/li>\n<li class=\"kb-post-list-item\">\n\t<article class=\"entry content-bg loop-entry post-1979 post type-post status-publish format-standard has-post-thumbnail hentry category-blog tag-comunicacio-pares-fills tag-consum-televisiu-adolescents tag-consum-xarxes-socials-adolescents tag-educacio-mediatica tag-influencia-pantalles-adolescents tag-pensament-critic-adolescents tag-realitat-i-ficcio-adolescents\">\n\t\t\t\t<a aria-hidden=\"true\" tabindex=\"-1\" role=\"presentation\" class=\"post-thumbnail kadence-thumbnail-ratio-2-3\" href=\"https:\/\/psicoeducalleida.com\/es\/quan-la-pantalla-distorsiona-la-realitat-com-parlar-amb-els-joves-sobre-el-que-veuen\/\" aria-label=\"Quan la pantalla distorsiona la realitat: Com parlar amb els joves sobre el que veuen\">\n\t\t\t<div class=\"post-thumbnail-inner\">\n\t\t\t\t<img loading=\"lazy\" decoding=\"async\" width=\"1707\" height=\"984\" src=\"https:\/\/psicoeducalleida.com\/wp-content\/uploads\/2025\/04\/4-scaled-e1745473849834.jpg\" class=\"attachment-full size-full wp-post-image\" alt=\"Quan la pantalla distorsiona la realitat: Com parlar amb els joves sobre el que veuen\" srcset=\"https:\/\/psicoeducalleida.com\/wp-content\/uploads\/2025\/04\/4-scaled-e1745473849834.jpg 1707w, https:\/\/psicoeducalleida.com\/wp-content\/uploads\/2025\/04\/4-scaled-e1745473849834-300x173.jpg 300w, https:\/\/psicoeducalleida.com\/wp-content\/uploads\/2025\/04\/4-scaled-e1745473849834-1024x590.jpg 1024w, https:\/\/psicoeducalleida.com\/wp-content\/uploads\/2025\/04\/4-scaled-e1745473849834-768x443.jpg 768w, https:\/\/psicoeducalleida.com\/wp-content\/uploads\/2025\/04\/4-scaled-e1745473849834-1536x885.jpg 1536w\" sizes=\"auto, (max-width: 1707px) 100vw, 1707px\" \/>\t\t\t<\/div>\n\t\t<\/a><!-- .post-thumbnail -->\n\t\t\t\t<div class=\"entry-content-wrap\">\n\t\t\t<header class=\"entry-header\">\n\t\t<div class=\"entry-taxonomies\">\n\t\t<span class=\"category-links term-links category-style-normal\">\n\t\t\t<a href=\"https:\/\/psicoeducalleida.com\/es\/category\/blog\/\" rel=\"category tag\">Blog<\/a>\t\t<\/span>\n\t<\/div><!-- .entry-taxonomies -->\n\t<h2 class=\"entry-title\"><a href=\"https:\/\/psicoeducalleida.com\/es\/quan-la-pantalla-distorsiona-la-realitat-com-parlar-amb-els-joves-sobre-el-que-veuen\/\" rel=\"bookmark\">Quan la pantalla distorsiona la realitat: Com parlar amb els joves sobre el que veuen<\/a><\/h2><\/header><!-- .entry-header -->\n\t<div class=\"entry-summary\">\n\t\t<p>El m\u00f3n que els adolescents veuen a trav\u00e9s de les pantalles \u2014s\u00e8ries, pel\u00b7l\u00edcules, xarxes socials\u2014 sovint presenta una realitat idealitzada, exagerada o completament fict\u00edcia. A Psicoeduca, entenem la import\u00e0ncia de guiar els joves de Lleida (i d&#8217;arreu) per desenvolupar una mirada cr\u00edtica i discernir la ficci\u00f3 de la realitat. Per qu\u00e8 \u00e9s important aquesta conversa? [&hellip;]<\/p>\n\t<\/div><!-- .entry-summary -->\n\t<footer class=\"entry-footer\">\n\t\t\t<div class=\"entry-actions\">\n\t\t\t<p class=\"more-link-wrap\">\n\t\t\t\t<a href=\"https:\/\/psicoeducalleida.com\/es\/quan-la-pantalla-distorsiona-la-realitat-com-parlar-amb-els-joves-sobre-el-que-veuen\/\" class=\"post-more-link\">\n\t\t\t\t\tLlig m\u00e9s<span class=\"screen-reader-text\"> Quan la pantalla distorsiona la realitat: Com parlar amb els joves sobre el que veuen<\/span><span class=\"kadence-svg-iconset svg-baseline\"><svg aria-hidden=\"true\" class=\"kadence-svg-icon kadence-arrow-right-alt-svg\" fill=\"currentColor\" version=\"1.1\" xmlns=\"http:\/\/www.w3.org\/2000\/svg\" width=\"27\" height=\"28\" viewbox=\"0 0 27 28\"><title>Continuar<\/title><path d=\"M27 13.953c0 0.141-0.063 0.281-0.156 0.375l-6 5.531c-0.156 0.141-0.359 0.172-0.547 0.094-0.172-0.078-0.297-0.25-0.297-0.453v-3.5h-19.5c-0.281 0-0.5-0.219-0.5-0.5v-3c0-0.281 0.219-0.5 0.5-0.5h19.5v-3.5c0-0.203 0.109-0.375 0.297-0.453s0.391-0.047 0.547 0.078l6 5.469c0.094 0.094 0.156 0.219 0.156 0.359v0z\"><\/path>\n\t\t\t<\/svg><\/span>\t\t\t\t<\/a>\n\t\t\t<\/p>\n\t\t<\/div><!-- .entry-actions -->\n\t\t<\/footer><!-- .entry-footer -->\t\t<\/div>\n\t<\/article>\n<\/li>\n<li class=\"kb-post-list-item\">\n\t<article class=\"entry content-bg loop-entry post-1973 post type-post status-publish format-standard has-post-thumbnail hentry category-blog tag-addiccio-mobil-adolescents tag-consells-pares-mobils-adolescents tag-mobils-i-adolescents tag-salut-mental-adolescents-lleida tag-temps-de-pantalla-adolescents tag-us-mobils-adolescents\">\n\t\t\t\t<a aria-hidden=\"true\" tabindex=\"-1\" role=\"presentation\" class=\"post-thumbnail kadence-thumbnail-ratio-2-3\" href=\"https:\/\/psicoeducalleida.com\/es\/adolescents-enganxats-al-mobil-estrategies-per-a-un-us-saludable\/\" aria-label=\"Adolescents enganxats al m\u00f2bil: Estrat\u00e8gies per a un \u00fas saludable\">\n\t\t\t<div class=\"post-thumbnail-inner\">\n\t\t\t\t<img loading=\"lazy\" decoding=\"async\" width=\"1920\" height=\"1890\" src=\"https:\/\/psicoeducalleida.com\/wp-content\/uploads\/2025\/04\/5-scaled-e1745416765559.jpg\" class=\"attachment-full size-full wp-post-image\" alt=\"Adolescents enganxats al m\u00f2bil: Estrat\u00e8gies per a un \u00fas saludable\" srcset=\"https:\/\/psicoeducalleida.com\/wp-content\/uploads\/2025\/04\/5-scaled-e1745416765559.jpg 1920w, https:\/\/psicoeducalleida.com\/wp-content\/uploads\/2025\/04\/5-scaled-e1745416765559-300x295.jpg 300w, https:\/\/psicoeducalleida.com\/wp-content\/uploads\/2025\/04\/5-scaled-e1745416765559-1024x1008.jpg 1024w, https:\/\/psicoeducalleida.com\/wp-content\/uploads\/2025\/04\/5-scaled-e1745416765559-768x756.jpg 768w, https:\/\/psicoeducalleida.com\/wp-content\/uploads\/2025\/04\/5-scaled-e1745416765559-1536x1512.jpg 1536w\" sizes=\"auto, (max-width: 1920px) 100vw, 1920px\" \/>\t\t\t<\/div>\n\t\t<\/a><!-- .post-thumbnail -->\n\t\t\t\t<div class=\"entry-content-wrap\">\n\t\t\t<header class=\"entry-header\">\n\t\t<div class=\"entry-taxonomies\">\n\t\t<span class=\"category-links term-links category-style-normal\">\n\t\t\t<a href=\"https:\/\/psicoeducalleida.com\/es\/category\/blog\/\" rel=\"category tag\">Blog<\/a>\t\t<\/span>\n\t<\/div><!-- .entry-taxonomies -->\n\t<h2 class=\"entry-title\"><a href=\"https:\/\/psicoeducalleida.com\/es\/adolescents-enganxats-al-mobil-estrategies-per-a-un-us-saludable\/\" rel=\"bookmark\">Adolescents enganxats al m\u00f2bil: Estrat\u00e8gies per a un \u00fas saludable<\/a><\/h2><\/header><!-- .entry-header -->\n\t<div class=\"entry-summary\">\n\t\t<p>L&#8217;\u00fas del m\u00f2bil \u00e9s una part integral de la vida dels adolescents a Lleida, igual que arreu. Tot i que els ofereix connexi\u00f3 social i acc\u00e9s a informaci\u00f3, un \u00fas excessiu pot generar problemes. A Psicoeduca Lleida, proposem algunes estrat\u00e8gies per fomentar un \u00fas saludable. Riscos d&#8217;un \u00fas excessiu del m\u00f2bil en adolescents: Estrat\u00e8gies per [&hellip;]<\/p>\n\t<\/div><!-- .entry-summary -->\n\t<footer class=\"entry-footer\">\n\t\t\t<div class=\"entry-actions\">\n\t\t\t<p class=\"more-link-wrap\">\n\t\t\t\t<a href=\"https:\/\/psicoeducalleida.com\/es\/adolescents-enganxats-al-mobil-estrategies-per-a-un-us-saludable\/\" class=\"post-more-link\">\n\t\t\t\t\tLlig m\u00e9s<span class=\"screen-reader-text\"> Adolescents enganxats al m\u00f2bil: Estrat\u00e8gies per a un \u00fas saludable<\/span><span class=\"kadence-svg-iconset svg-baseline\"><svg aria-hidden=\"true\" class=\"kadence-svg-icon kadence-arrow-right-alt-svg\" fill=\"currentColor\" version=\"1.1\" xmlns=\"http:\/\/www.w3.org\/2000\/svg\" width=\"27\" height=\"28\" viewbox=\"0 0 27 28\"><title>Continuar<\/title><path d=\"M27 13.953c0 0.141-0.063 0.281-0.156 0.375l-6 5.531c-0.156 0.141-0.359 0.172-0.547 0.094-0.172-0.078-0.297-0.25-0.297-0.453v-3.5h-19.5c-0.281 0-0.5-0.219-0.5-0.5v-3c0-0.281 0.219-0.5 0.5-0.5h19.5v-3.5c0-0.203 0.109-0.375 0.297-0.453s0.391-0.047 0.547 0.078l6 5.469c0.094 0.094 0.156 0.219 0.156 0.359v0z\"><\/path>\n\t\t\t<\/svg><\/span>\t\t\t\t<\/a>\n\t\t\t<\/p>\n\t\t<\/div><!-- .entry-actions -->\n\t\t<\/footer><!-- .entry-footer -->\t\t<\/div>\n\t<\/article>\n<\/li>\n<li class=\"kb-post-list-item\">\n\t<article class=\"entry content-bg loop-entry post-1969 post type-post status-publish format-standard has-post-thumbnail hentry category-blog tag-contingut-televisiu-nens tag-impacte-televisio-nens tag-televisio-i-nens tag-temps-de-pantalla-nens tag-us-responsable-televisio\">\n\t\t\t\t<a aria-hidden=\"true\" tabindex=\"-1\" role=\"presentation\" class=\"post-thumbnail kadence-thumbnail-ratio-2-3\" href=\"https:\/\/psicoeducalleida.com\/es\/la-televisio-en-la-infancia-es-tan-dolenta-com-diuen-claus-per-a-un-us-responsable\/\" aria-label=\"La televisi\u00f3 en la inf\u00e0ncia: \u00c9s tan dolenta com diuen? Claus per a un \u00fas responsable\">\n\t\t\t<div class=\"post-thumbnail-inner\">\n\t\t\t\t<img loading=\"lazy\" decoding=\"async\" width=\"2560\" height=\"1450\" src=\"https:\/\/psicoeducalleida.com\/wp-content\/uploads\/2025\/04\/7-scaled-e1745473793630.jpg\" class=\"attachment-full size-full wp-post-image\" alt=\"La televisi\u00f3 en la inf\u00e0ncia: \u00c9s tan dolenta com diuen? Claus per a un \u00fas responsable\" srcset=\"https:\/\/psicoeducalleida.com\/wp-content\/uploads\/2025\/04\/7-scaled-e1745473793630.jpg 2560w, https:\/\/psicoeducalleida.com\/wp-content\/uploads\/2025\/04\/7-scaled-e1745473793630-300x170.jpg 300w, https:\/\/psicoeducalleida.com\/wp-content\/uploads\/2025\/04\/7-scaled-e1745473793630-1024x580.jpg 1024w, https:\/\/psicoeducalleida.com\/wp-content\/uploads\/2025\/04\/7-scaled-e1745473793630-768x435.jpg 768w, https:\/\/psicoeducalleida.com\/wp-content\/uploads\/2025\/04\/7-scaled-e1745473793630-1536x870.jpg 1536w, https:\/\/psicoeducalleida.com\/wp-content\/uploads\/2025\/04\/7-scaled-e1745473793630-2048x1160.jpg 2048w\" sizes=\"auto, (max-width: 2560px) 100vw, 2560px\" \/>\t\t\t<\/div>\n\t\t<\/a><!-- .post-thumbnail -->\n\t\t\t\t<div class=\"entry-content-wrap\">\n\t\t\t<header class=\"entry-header\">\n\t\t<div class=\"entry-taxonomies\">\n\t\t<span class=\"category-links term-links category-style-normal\">\n\t\t\t<a href=\"https:\/\/psicoeducalleida.com\/es\/category\/blog\/\" rel=\"category tag\">Blog<\/a>\t\t<\/span>\n\t<\/div><!-- .entry-taxonomies -->\n\t<h2 class=\"entry-title\"><a href=\"https:\/\/psicoeducalleida.com\/es\/la-televisio-en-la-infancia-es-tan-dolenta-com-diuen-claus-per-a-un-us-responsable\/\" rel=\"bookmark\">La televisi\u00f3 en la inf\u00e0ncia: \u00c9s tan dolenta com diuen? Claus per a un \u00fas responsable<\/a><\/h2><\/header><!-- .entry-header -->\n\t<div class=\"entry-summary\">\n\t\t<p>La televisi\u00f3 ha estat durant d\u00e8cades una pres\u00e8ncia constant a les llars de Lleida i d&#8217;arreu. Tot i que ha evolucionat amb les plataformes de streaming, la pregunta sobre el seu impacte en els infants continua sent rellevant. A Psicoeduca Lleida, creiem que la clau no est\u00e0 en prohibir-la completament, sin\u00f3 en promoure un \u00fas [&hellip;]<\/p>\n\t<\/div><!-- .entry-summary -->\n\t<footer class=\"entry-footer\">\n\t\t\t<div class=\"entry-actions\">\n\t\t\t<p class=\"more-link-wrap\">\n\t\t\t\t<a href=\"https:\/\/psicoeducalleida.com\/es\/la-televisio-en-la-infancia-es-tan-dolenta-com-diuen-claus-per-a-un-us-responsable\/\" class=\"post-more-link\">\n\t\t\t\t\tLlig m\u00e9s<span class=\"screen-reader-text\"> La televisi\u00f3 en la inf\u00e0ncia: \u00c9s tan dolenta com diuen? Claus per a un \u00fas responsable<\/span><span class=\"kadence-svg-iconset svg-baseline\"><svg aria-hidden=\"true\" class=\"kadence-svg-icon kadence-arrow-right-alt-svg\" fill=\"currentColor\" version=\"1.1\" xmlns=\"http:\/\/www.w3.org\/2000\/svg\" width=\"27\" height=\"28\" viewbox=\"0 0 27 28\"><title>Continuar<\/title><path d=\"M27 13.953c0 0.141-0.063 0.281-0.156 0.375l-6 5.531c-0.156 0.141-0.359 0.172-0.547 0.094-0.172-0.078-0.297-0.25-0.297-0.453v-3.5h-19.5c-0.281 0-0.5-0.219-0.5-0.5v-3c0-0.281 0.219-0.5 0.5-0.5h19.5v-3.5c0-0.203 0.109-0.375 0.297-0.453s0.391-0.047 0.547 0.078l6 5.469c0.094 0.094 0.156 0.219 0.156 0.359v0z\"><\/path>\n\t\t\t<\/svg><\/span>\t\t\t\t<\/a>\n\t\t\t<\/p>\n\t\t<\/div><!-- .entry-actions -->\n\t\t<\/footer><!-- .entry-footer -->\t\t<\/div>\n\t<\/article>\n<\/li>\n<li class=\"kb-post-list-item\">\n\t<article class=\"entry content-bg loop-entry post-1960 post type-post status-publish format-standard has-post-thumbnail hentry category-blog tag-consells-pares-mobils-nens tag-crianca-digital tag-impacte-mobils-nens tag-mobils-i-nens tag-pantalles-i-nens tag-us-mobils-nens\">\n\t\t\t\t<a aria-hidden=\"true\" tabindex=\"-1\" role=\"presentation\" class=\"post-thumbnail kadence-thumbnail-ratio-2-3\" href=\"https:\/\/psicoeducalleida.com\/es\/mobils-per-a-nens-impacte-real-en-el-seu-desenvolupament-i-consells-per-a-pares-a-lleida\/\" aria-label=\"M\u00f2bils per a nens: Impacte real en el seu desenvolupament (i consells per a pares a Lleida)\">\n\t\t\t<div class=\"post-thumbnail-inner\">\n\t\t\t\t<img loading=\"lazy\" decoding=\"async\" width=\"2560\" height=\"1400\" src=\"https:\/\/psicoeducalleida.com\/wp-content\/uploads\/2025\/04\/8-scaled-e1745473765565.jpg\" class=\"attachment-full size-full wp-post-image\" alt=\"M\u00f2bils per a nens: Impacte real en el seu desenvolupament (i consells per a pares a Lleida)\" srcset=\"https:\/\/psicoeducalleida.com\/wp-content\/uploads\/2025\/04\/8-scaled-e1745473765565.jpg 2560w, https:\/\/psicoeducalleida.com\/wp-content\/uploads\/2025\/04\/8-scaled-e1745473765565-300x164.jpg 300w, https:\/\/psicoeducalleida.com\/wp-content\/uploads\/2025\/04\/8-scaled-e1745473765565-1024x560.jpg 1024w, https:\/\/psicoeducalleida.com\/wp-content\/uploads\/2025\/04\/8-scaled-e1745473765565-768x420.jpg 768w, https:\/\/psicoeducalleida.com\/wp-content\/uploads\/2025\/04\/8-scaled-e1745473765565-1536x840.jpg 1536w, https:\/\/psicoeducalleida.com\/wp-content\/uploads\/2025\/04\/8-scaled-e1745473765565-2048x1120.jpg 2048w\" sizes=\"auto, (max-width: 2560px) 100vw, 2560px\" \/>\t\t\t<\/div>\n\t\t<\/a><!-- .post-thumbnail -->\n\t\t\t\t<div class=\"entry-content-wrap\">\n\t\t\t<header class=\"entry-header\">\n\t\t<div class=\"entry-taxonomies\">\n\t\t<span class=\"category-links term-links category-style-normal\">\n\t\t\t<a href=\"https:\/\/psicoeducalleida.com\/es\/category\/blog\/\" rel=\"category tag\">Blog<\/a>\t\t<\/span>\n\t<\/div><!-- .entry-taxonomies -->\n\t<h2 class=\"entry-title\"><a href=\"https:\/\/psicoeducalleida.com\/es\/mobils-per-a-nens-impacte-real-en-el-seu-desenvolupament-i-consells-per-a-pares-a-lleida\/\" rel=\"bookmark\">M\u00f2bils per a nens: Impacte real en el seu desenvolupament (i consells per a pares a Lleida)<\/a><\/h2><\/header><!-- .entry-header -->\n\t<div class=\"entry-summary\">\n\t\t<p>L&#8217;\u00fas de tel\u00e8fons m\u00f2bils per part dels nens \u00e9s un tema de debat constant a les fam\u00edlies de Lleida i arreu. Si b\u00e9 els dispositius m\u00f2bils poden oferir oportunitats d&#8217;aprenentatge i connexi\u00f3, tamb\u00e9 plantegen preguntes sobre el seu impacte en el desenvolupament infantil. A Psicoeduca Lleida, volem oferir una perspectiva equilibrada i alguns consells per [&hellip;]<\/p>\n\t<\/div><!-- .entry-summary -->\n\t<footer class=\"entry-footer\">\n\t\t\t<div class=\"entry-actions\">\n\t\t\t<p class=\"more-link-wrap\">\n\t\t\t\t<a href=\"https:\/\/psicoeducalleida.com\/es\/mobils-per-a-nens-impacte-real-en-el-seu-desenvolupament-i-consells-per-a-pares-a-lleida\/\" class=\"post-more-link\">\n\t\t\t\t\tLlig m\u00e9s<span class=\"screen-reader-text\"> M\u00f2bils per a nens: Impacte real en el seu desenvolupament (i consells per a pares a Lleida)<\/span><span class=\"kadence-svg-iconset svg-baseline\"><svg aria-hidden=\"true\" class=\"kadence-svg-icon kadence-arrow-right-alt-svg\" fill=\"currentColor\" version=\"1.1\" xmlns=\"http:\/\/www.w3.org\/2000\/svg\" width=\"27\" height=\"28\" viewbox=\"0 0 27 28\"><title>Continuar<\/title><path d=\"M27 13.953c0 0.141-0.063 0.281-0.156 0.375l-6 5.531c-0.156 0.141-0.359 0.172-0.547 0.094-0.172-0.078-0.297-0.25-0.297-0.453v-3.5h-19.5c-0.281 0-0.5-0.219-0.5-0.5v-3c0-0.281 0.219-0.5 0.5-0.5h19.5v-3.5c0-0.203 0.109-0.375 0.297-0.453s0.391-0.047 0.547 0.078l6 5.469c0.094 0.094 0.156 0.219 0.156 0.359v0z\"><\/path>\n\t\t\t<\/svg><\/span>\t\t\t\t<\/a>\n\t\t\t<\/p>\n\t\t<\/div><!-- .entry-actions -->\n\t\t<\/footer><!-- .entry-footer -->\t\t<\/div>\n\t<\/article>\n<\/li>\n<li class=\"kb-post-list-item\">\n\t<article class=\"entry content-bg loop-entry post-1956 post type-post status-publish format-standard has-post-thumbnail hentry category-blog tag-ajuda-depressio-infantil-lleida tag-depressio-infantil tag-depressio-nens tag-detectar-depressio-infantil tag-salut-mental-infantil-lleida tag-simptomes-depressio-infantil\">\n\t\t\t\t<a aria-hidden=\"true\" tabindex=\"-1\" role=\"presentation\" class=\"post-thumbnail kadence-thumbnail-ratio-2-3\" href=\"https:\/\/psicoeducalleida.com\/es\/senyals-dalarma-a-lleida-com-detectar-la-depressio-infantil-a-temps\/\" aria-label=\"Senyals d&#8217;alarma a Lleida: Com detectar la depressi\u00f3 infantil a temps\">\n\t\t\t<div class=\"post-thumbnail-inner\">\n\t\t\t\t<img loading=\"lazy\" decoding=\"async\" width=\"2278\" height=\"1325\" src=\"https:\/\/psicoeducalleida.com\/wp-content\/uploads\/2025\/04\/6-scaled-e1745473730919.jpg\" class=\"attachment-full size-full wp-post-image\" alt=\"Senyals d&#8217;alarma a Lleida: Com detectar la depressi\u00f3 infantil a temps\" srcset=\"https:\/\/psicoeducalleida.com\/wp-content\/uploads\/2025\/04\/6-scaled-e1745473730919.jpg 2278w, https:\/\/psicoeducalleida.com\/wp-content\/uploads\/2025\/04\/6-scaled-e1745473730919-300x174.jpg 300w, https:\/\/psicoeducalleida.com\/wp-content\/uploads\/2025\/04\/6-scaled-e1745473730919-1024x596.jpg 1024w, https:\/\/psicoeducalleida.com\/wp-content\/uploads\/2025\/04\/6-scaled-e1745473730919-768x447.jpg 768w, https:\/\/psicoeducalleida.com\/wp-content\/uploads\/2025\/04\/6-scaled-e1745473730919-1536x893.jpg 1536w, https:\/\/psicoeducalleida.com\/wp-content\/uploads\/2025\/04\/6-scaled-e1745473730919-2048x1191.jpg 2048w\" sizes=\"auto, (max-width: 2278px) 100vw, 2278px\" \/>\t\t\t<\/div>\n\t\t<\/a><!-- .post-thumbnail -->\n\t\t\t\t<div class=\"entry-content-wrap\">\n\t\t\t<header class=\"entry-header\">\n\t\t<div class=\"entry-taxonomies\">\n\t\t<span class=\"category-links term-links category-style-normal\">\n\t\t\t<a href=\"https:\/\/psicoeducalleida.com\/es\/category\/blog\/\" rel=\"category tag\">Blog<\/a>\t\t<\/span>\n\t<\/div><!-- .entry-taxonomies -->\n\t<h2 class=\"entry-title\"><a href=\"https:\/\/psicoeducalleida.com\/es\/senyals-dalarma-a-lleida-com-detectar-la-depressio-infantil-a-temps\/\" rel=\"bookmark\">Senyals d&#8217;alarma a Lleida: Com detectar la depressi\u00f3 infantil a temps<\/a><\/h2><\/header><!-- .entry-header -->\n\t<div class=\"entry-summary\">\n\t\t<p>La depressi\u00f3 no \u00e9s nom\u00e9s una cosa d&#8217;adults. Malauradament, la depressi\u00f3 infantil \u00e9s una realitat que afecta a molts nens i nenes a Lleida i arreu. Detectar-la a temps \u00e9s crucial per poder oferir el suport i l&#8217;ajuda professional que necessiten. A Psicoeduca Lleida, sabem que cada infant \u00e9s \u00fanic, per\u00f2 hi ha senyals d&#8217;alarma [&hellip;]<\/p>\n\t<\/div><!-- .entry-summary -->\n\t<footer class=\"entry-footer\">\n\t\t\t<div class=\"entry-actions\">\n\t\t\t<p class=\"more-link-wrap\">\n\t\t\t\t<a href=\"https:\/\/psicoeducalleida.com\/es\/senyals-dalarma-a-lleida-com-detectar-la-depressio-infantil-a-temps\/\" class=\"post-more-link\">\n\t\t\t\t\tLlig m\u00e9s<span class=\"screen-reader-text\"> Senyals d&#8217;alarma a Lleida: Com detectar la depressi\u00f3 infantil a temps<\/span><span class=\"kadence-svg-iconset svg-baseline\"><svg aria-hidden=\"true\" class=\"kadence-svg-icon kadence-arrow-right-alt-svg\" fill=\"currentColor\" version=\"1.1\" xmlns=\"http:\/\/www.w3.org\/2000\/svg\" width=\"27\" height=\"28\" viewbox=\"0 0 27 28\"><title>Continuar<\/title><path d=\"M27 13.953c0 0.141-0.063 0.281-0.156 0.375l-6 5.531c-0.156 0.141-0.359 0.172-0.547 0.094-0.172-0.078-0.297-0.25-0.297-0.453v-3.5h-19.5c-0.281 0-0.5-0.219-0.5-0.5v-3c0-0.281 0.219-0.5 0.5-0.5h19.5v-3.5c0-0.203 0.109-0.375 0.297-0.453s0.391-0.047 0.547 0.078l6 5.469c0.094 0.094 0.156 0.219 0.156 0.359v0z\"><\/path>\n\t\t\t<\/svg><\/span>\t\t\t\t<\/a>\n\t\t\t<\/p>\n\t\t<\/div><!-- .entry-actions -->\n\t\t<\/footer><!-- .entry-footer -->\t\t<\/div>\n\t<\/article>\n<\/li>\n<\/ul>","protected":false},"excerpt":{"rendered":"<p>Blog Entrades del blog<\/p>","protected":false},"author":1,"featured_media":0,"parent":0,"menu_order":0,"comment_status":"closed","ping_status":"closed","template":"","meta":{"_uag_custom_page_level_css":"","site-sidebar-layout":"default","site-content-layout":"","ast-site-content-layout":"default","site-content-style":"default","site-sidebar-style":"default","ast-global-header-display":"","ast-banner-title-visibility":"","ast-main-header-display":"","ast-hfb-above-header-display":"","ast-hfb-below-header-display":"","ast-hfb-mobile-header-display":"","site-post-title":"disabled","ast-breadcrumbs-content":"","ast-featured-img":"","footer-sml-layout":"","ast-disable-related-posts":"","theme-transparent-header-meta":"","adv-header-id-meta":"","stick-header-meta":"","header-above-stick-meta":"","header-main-stick-meta":"","header-below-stick-meta":"","astra-migrate-meta-layouts":"set","ast-page-background-enabled":"default","ast-page-background-meta":{"desktop":{"background-color":"","background-image":"","background-repeat":"repeat","background-position":"center center","background-size":"auto","background-attachment":"scroll","background-type":"","background-media":"","overlay-type":"","overlay-color":"","overlay-opacity":"","overlay-gradient":""},"tablet":{"background-color":"","background-image":"","background-repeat":"repeat","background-position":"center center","background-size":"auto","background-attachment":"scroll","background-type":"","background-media":"","overlay-type":"","overlay-color":"","overlay-opacity":"","overlay-gradient":""},"mobile":{"background-color":"","background-image":"","background-repeat":"repeat","background-position":"center center","background-size":"auto","background-attachment":"scroll","background-type":"","background-media":"","overlay-type":"","overlay-color":"","overlay-opacity":"","overlay-gradient":""}},"ast-content-background-meta":{"desktop":{"background-color":"var(--ast-global-color-5)","background-image":"","background-repeat":"repeat","background-position":"center center","background-size":"auto","background-attachment":"scroll","background-type":"","background-media":"","overlay-type":"","overlay-color":"","overlay-opacity":"","overlay-gradient":""},"tablet":{"background-color":"var(--ast-global-color-5)","background-image":"","background-repeat":"repeat","background-position":"center center","background-size":"auto","background-attachment":"scroll","background-type":"","background-media":"","overlay-type":"","overlay-color":"","overlay-opacity":"","overlay-gradient":""},"mobile":{"background-color":"var(--ast-global-color-5)","background-image":"","background-repeat":"repeat","background-position":"center center","background-size":"auto","background-attachment":"scroll","background-type":"","background-media":"","overlay-type":"","overlay-color":"","overlay-opacity":"","overlay-gradient":""}},"_kadence_starter_templates_imported_post":false,"footnotes":""},"class_list":["post-2817","page","type-page","status-publish","hentry"],"yoast_head":"<!-- This site is optimized with the Yoast SEO plugin v27.4 - https:\/\/yoast.com\/product\/yoast-seo-wordpress\/ -->\n<title>Blog - Psicoeduca Lleida<\/title>\n<meta name=\"description\" content=\"El blog de Psicoeduca Lleida. Publicacions sobre psicopedagogia, orientaci\u00f3 familiar y reeducaci\u00f3.\" \/>\n<meta name=\"robots\" content=\"index, follow, max-snippet:-1, max-image-preview:large, max-video-preview:-1\" \/>\n<link rel=\"canonical\" href=\"https:\/\/psicoeducalleida.com\/es\/blog\/\" \/>\n<meta property=\"og:locale\" content=\"es_ES\" \/>\n<meta property=\"og:type\" content=\"article\" \/>\n<meta property=\"og:title\" content=\"Blog - Psicoeduca Lleida\" \/>\n<meta property=\"og:description\" content=\"El blog de Psicoeduca Lleida. Publicacions sobre psicopedagogia, orientaci\u00f3 familiar y reeducaci\u00f3.\" \/>\n<meta property=\"og:url\" content=\"https:\/\/psicoeducalleida.com\/es\/blog\/\" \/>\n<meta property=\"og:site_name\" content=\"Psicoeduca Lleida\" \/>\n<meta property=\"article:modified_time\" content=\"2025-05-13T05:59:34+00:00\" \/>\n<meta name=\"twitter:card\" content=\"summary_large_image\" \/>\n<meta name=\"twitter:label1\" content=\"Tiempo de lectura\" \/>\n\t<meta name=\"twitter:data1\" content=\"1 minuto\" \/>\n<script type=\"application\/ld+json\" class=\"yoast-schema-graph\">{\"@context\":\"https:\\\/\\\/schema.org\",\"@graph\":[{\"@type\":\"WebPage\",\"@id\":\"https:\\\/\\\/psicoeducalleida.com\\\/blog\\\/\",\"url\":\"https:\\\/\\\/psicoeducalleida.com\\\/blog\\\/\",\"name\":\"Blog - Psicoeduca Lleida\",\"isPartOf\":{\"@id\":\"https:\\\/\\\/psicoeducalleida.com\\\/#website\"},\"datePublished\":\"2025-05-12T14:27:12+00:00\",\"dateModified\":\"2025-05-13T05:59:34+00:00\",\"description\":\"El blog de Psicoeduca Lleida. Publicacions sobre psicopedagogia, orientaci\u00f3 familiar y reeducaci\u00f3.\",\"breadcrumb\":{\"@id\":\"https:\\\/\\\/psicoeducalleida.com\\\/blog\\\/#breadcrumb\"},\"inLanguage\":\"es\",\"potentialAction\":[{\"@type\":\"ReadAction\",\"target\":[\"https:\\\/\\\/psicoeducalleida.com\\\/blog\\\/\"]}]},{\"@type\":\"BreadcrumbList\",\"@id\":\"https:\\\/\\\/psicoeducalleida.com\\\/blog\\\/#breadcrumb\",\"itemListElement\":[{\"@type\":\"ListItem\",\"position\":1,\"name\":\"Portada\",\"item\":\"https:\\\/\\\/psicoeducalleida.com\\\/\"},{\"@type\":\"ListItem\",\"position\":2,\"name\":\"Blog\"}]},{\"@type\":\"WebSite\",\"@id\":\"https:\\\/\\\/psicoeducalleida.com\\\/#website\",\"url\":\"https:\\\/\\\/psicoeducalleida.com\\\/\",\"name\":\"Psicoeduca Lleida\",\"description\":\"Servei de psicologia i psicopedagogia a Lleida per a infants, joves i fam\u00edlies. Acompanyament personalitzat i professional\",\"publisher\":{\"@id\":\"https:\\\/\\\/psicoeducalleida.com\\\/#organization\"},\"potentialAction\":[{\"@type\":\"SearchAction\",\"target\":{\"@type\":\"EntryPoint\",\"urlTemplate\":\"https:\\\/\\\/psicoeducalleida.com\\\/?s={search_term_string}\"},\"query-input\":{\"@type\":\"PropertyValueSpecification\",\"valueRequired\":true,\"valueName\":\"search_term_string\"}}],\"inLanguage\":\"es\"},{\"@type\":\"Organization\",\"@id\":\"https:\\\/\\\/psicoeducalleida.com\\\/#organization\",\"name\":\"Psicoeduca Lleida\",\"url\":\"https:\\\/\\\/psicoeducalleida.com\\\/\",\"logo\":{\"@type\":\"ImageObject\",\"inLanguage\":\"es\",\"@id\":\"https:\\\/\\\/psicoeducalleida.com\\\/#\\\/schema\\\/logo\\\/image\\\/\",\"url\":\"https:\\\/\\\/psicoeducalleida.com\\\/wp-content\\\/uploads\\\/2025\\\/04\\\/cropped-cropped-logo-sin-fondo-final-2.png\",\"contentUrl\":\"https:\\\/\\\/psicoeducalleida.com\\\/wp-content\\\/uploads\\\/2025\\\/04\\\/cropped-cropped-logo-sin-fondo-final-2.png\",\"width\":1024,\"height\":524,\"caption\":\"Psicoeduca Lleida\"},\"image\":{\"@id\":\"https:\\\/\\\/psicoeducalleida.com\\\/#\\\/schema\\\/logo\\\/image\\\/\"}}]}<\/script>\n<!-- \/ Yoast SEO plugin. -->","yoast_head_json":{"title":"Blog - Psicoeduca Lleida","description":"El blog de Psicoeduca Lleida. Publicacions sobre psicopedagogia, orientaci\u00f3 familiar y reeducaci\u00f3.","robots":{"index":"index","follow":"follow","max-snippet":"max-snippet:-1","max-image-preview":"max-image-preview:large","max-video-preview":"max-video-preview:-1"},"canonical":"https:\/\/psicoeducalleida.com\/es\/blog\/","og_locale":"es_ES","og_type":"article","og_title":"Blog - Psicoeduca Lleida","og_description":"El blog de Psicoeduca Lleida. Publicacions sobre psicopedagogia, orientaci\u00f3 familiar y reeducaci\u00f3.","og_url":"https:\/\/psicoeducalleida.com\/es\/blog\/","og_site_name":"Psicoeduca Lleida","article_modified_time":"2025-05-13T05:59:34+00:00","twitter_card":"summary_large_image","twitter_misc":{"Tiempo de lectura":"1 minuto"},"schema":{"@context":"https:\/\/schema.org","@graph":[{"@type":"WebPage","@id":"https:\/\/psicoeducalleida.com\/blog\/","url":"https:\/\/psicoeducalleida.com\/blog\/","name":"Blog - Psicoeduca Lleida","isPartOf":{"@id":"https:\/\/psicoeducalleida.com\/#website"},"datePublished":"2025-05-12T14:27:12+00:00","dateModified":"2025-05-13T05:59:34+00:00","description":"El blog de Psicoeduca Lleida. Publicacions sobre psicopedagogia, orientaci\u00f3 familiar y reeducaci\u00f3.","breadcrumb":{"@id":"https:\/\/psicoeducalleida.com\/blog\/#breadcrumb"},"inLanguage":"es","potentialAction":[{"@type":"ReadAction","target":["https:\/\/psicoeducalleida.com\/blog\/"]}]},{"@type":"BreadcrumbList","@id":"https:\/\/psicoeducalleida.com\/blog\/#breadcrumb","itemListElement":[{"@type":"ListItem","position":1,"name":"Portada","item":"https:\/\/psicoeducalleida.com\/"},{"@type":"ListItem","position":2,"name":"Blog"}]},{"@type":"WebSite","@id":"https:\/\/psicoeducalleida.com\/#website","url":"https:\/\/psicoeducalleida.com\/","name":"Psicoeduca Lleida","description":"Servei de psicologia i psicopedagogia a Lleida per a infants, joves i fam\u00edlies. Acompanyament personalitzat i professional","publisher":{"@id":"https:\/\/psicoeducalleida.com\/#organization"},"potentialAction":[{"@type":"SearchAction","target":{"@type":"EntryPoint","urlTemplate":"https:\/\/psicoeducalleida.com\/?s={search_term_string}"},"query-input":{"@type":"PropertyValueSpecification","valueRequired":true,"valueName":"search_term_string"}}],"inLanguage":"es"},{"@type":"Organization","@id":"https:\/\/psicoeducalleida.com\/#organization","name":"Psicoeduca Lleida","url":"https:\/\/psicoeducalleida.com\/","logo":{"@type":"ImageObject","inLanguage":"es","@id":"https:\/\/psicoeducalleida.com\/#\/schema\/logo\/image\/","url":"https:\/\/psicoeducalleida.com\/wp-content\/uploads\/2025\/04\/cropped-cropped-logo-sin-fondo-final-2.png","contentUrl":"https:\/\/psicoeducalleida.com\/wp-content\/uploads\/2025\/04\/cropped-cropped-logo-sin-fondo-final-2.png","width":1024,"height":524,"caption":"Psicoeduca Lleida"},"image":{"@id":"https:\/\/psicoeducalleida.com\/#\/schema\/logo\/image\/"}}]}},"uagb_featured_image_src":{"full":false,"thumbnail":false,"medium":false,"medium_large":false,"large":false,"1536x1536":false,"2048x2048":false,"trp-custom-language-flag":false},"uagb_author_info":{"display_name":"fonfrialuna@gmail.com","author_link":"https:\/\/psicoeducalleida.com\/es\/author\/fonfrialunagmail-com\/"},"uagb_comment_info":0,"uagb_excerpt":"Blog Entrades del blog","_links":{"self":[{"href":"https:\/\/psicoeducalleida.com\/es\/wp-json\/wp\/v2\/pages\/2817","targetHints":{"allow":["GET"]}}],"collection":[{"href":"https:\/\/psicoeducalleida.com\/es\/wp-json\/wp\/v2\/pages"}],"about":[{"href":"https:\/\/psicoeducalleida.com\/es\/wp-json\/wp\/v2\/types\/page"}],"author":[{"embeddable":true,"href":"https:\/\/psicoeducalleida.com\/es\/wp-json\/wp\/v2\/users\/1"}],"replies":[{"embeddable":true,"href":"https:\/\/psicoeducalleida.com\/es\/wp-json\/wp\/v2\/comments?post=2817"}],"version-history":[{"count":10,"href":"https:\/\/psicoeducalleida.com\/es\/wp-json\/wp\/v2\/pages\/2817\/revisions"}],"predecessor-version":[{"id":2860,"href":"https:\/\/psicoeducalleida.com\/es\/wp-json\/wp\/v2\/pages\/2817\/revisions\/2860"}],"wp:attachment":[{"href":"https:\/\/psicoeducalleida.com\/es\/wp-json\/wp\/v2\/media?parent=2817"}],"curies":[{"name":"wp","href":"https:\/\/api.w.org\/{rel}","templated":true}]}}