{"id":2638,"date":"2025-05-12T08:48:30","date_gmt":"2025-05-12T08:48:30","guid":{"rendered":"https:\/\/psicoeducalleida.com\/services\/"},"modified":"2025-05-13T16:08:31","modified_gmt":"2025-05-13T16:08:31","slug":"serveis","status":"publish","type":"page","link":"https:\/\/psicoeducalleida.com\/es\/serveis\/","title":{"rendered":"Servicios"},"content":{"rendered":"<div class=\"wp-block-uagb-container uagb-block-25efe059 alignfull uagb-is-root-container\"><div class=\"uagb-container-inner-blocks-wrap\">\n<div class=\"wp-block-uagb-advanced-heading uagb-block-152b2cf8\"><h1 class=\"uagb-heading-text\">Servicios<\/h1><\/div>\n<\/div><\/div>\n\n\n\n<div class=\"wp-block-uagb-container uagb-block-4a87feac alignfull uagb-is-root-container\"><div class=\"uagb-container-inner-blocks-wrap\">\n<div data-aos= \"fade-up\" data-aos-duration=\"400\" data-aos-delay=\"0\" data-aos-easing=\"ease\" data-aos-once=\"true\" class=\"wp-block-uagb-info-box uagb-block-5c6f27f2 uagb-infobox__content-wrap  uagb-infobox-icon-above-title uagb-infobox-image-valign-top\"><div class=\"uagb-ifb-content\"><div class=\"uagb-ifb-title-wrap\"><h2 class=\"uagb-ifb-title\">\u00bfC\u00f3mo podemos ayudarte?<\/h2><\/div><div class=\"uagb-ifb-separator\"><\/div><\/div><\/div>\n<\/div><\/div>\n\n\n\n<div data-aos= \"fade-left\" data-aos-duration=\"400\" data-aos-delay=\"0\" data-aos-easing=\"ease\" data-aos-once=\"true\" class=\"wp-block-uagb-container uagb-block-31ec3615 alignfull uagb-is-root-container\"><div class=\"uagb-container-inner-blocks-wrap\">\n<div class=\"wp-block-uagb-container uagb-block-4d7d62ec\">\n<div class=\"wp-block-uagb-advanced-heading uagb-block-e4f4e4f6\"><h3 class=\"uagb-heading-text\">Psicopedagog\u00eda<\/h3><div class=\"uagb-separator\"><\/div><p class=\"uagb-desc-text\">La <strong>psicopedagogia<\/strong> s una disciplina que integra conocimientos de la psicolog\u00eda y de la pedagog\u00eda con el objetivo de mejorar los procesos de aprendizaje y desarrollo personal de las personas, especialmente durante la etapa escolar, pero tambi\u00e9n a lo largo de toda la vida. Trabaja aquellos aspectos relacionados con el aprendizaje y las dificultades que pueden ir apareciendo a lo largo de la escolarizaci\u00f3n.<\/p><\/div>\n\n\n\n<p>Se ocupa del estudio y la pr\u00e1ctica de las metodolog\u00edas de aprendizaje, de la forma en que aprenden las personas y de c\u00f3mo estas se comportan ante determinadas situaciones de aprendizaje.<\/p>\n<\/div>\n\n\n\n<div class=\"wp-block-uagb-container uagb-block-43436432\">\n<p>A <strong>Psicoeduca<\/strong> realizamos las siguientes intervenciones:<\/p>\n\n\n<style>.wp-block-kadence-iconlist.kt-svg-icon-list-items2638_9330b2-e8:not(.this-stops-third-party-issues){margin-top:0px;margin-bottom:0px;}.wp-block-kadence-iconlist.kt-svg-icon-list-items2638_9330b2-e8 ul.kt-svg-icon-list:not(.this-prevents-issues):not(.this-stops-third-party-issues):not(.tijsloc){margin-top:0px;margin-right:0px;margin-bottom:var(--global-kb-spacing-sm, 1.5rem);margin-left:0px;}.wp-block-kadence-iconlist.kt-svg-icon-list-items2638_9330b2-e8 ul.kt-svg-icon-list{grid-row-gap:5px;}.wp-block-kadence-iconlist.kt-svg-icon-list-items2638_9330b2-e8 ul.kt-svg-icon-list .kt-svg-icon-list-item-wrap .kt-svg-icon-list-single{margin-right:10px;}.kt-svg-icon-list-items2638_9330b2-e8 ul.kt-svg-icon-list .kt-svg-icon-list-level-0 .kt-svg-icon-list-single svg{font-size:20px;}<\/style>\n<div class=\"wp-block-kadence-iconlist kt-svg-icon-list-items kt-svg-icon-list-items2638_9330b2-e8 kt-svg-icon-list-columns-1 alignnone\"><ul class=\"kt-svg-icon-list\"><style>.kt-svg-icon-list-item-2638_30112a-fc .kt-svg-icon-list-text mark.kt-highlight{background-color:unset;font-style:normal;color:#f76a0c;-webkit-box-decoration-break:clone;box-decoration-break:clone;padding-top:0px;padding-right:0px;padding-bottom:0px;padding-left:0px;}<\/style>\n<li class=\"wp-block-kadence-listitem kt-svg-icon-list-item-wrap kt-svg-icon-list-item-2638_30112a-fc\"><span class=\"kb-svg-icon-wrap kb-svg-icon-fe_arrowRight kt-svg-icon-list-single\"><svg viewbox=\"0 0 24 24\"  fill=\"none\" stroke=\"currentColor\" stroke-width=\"2\" stroke-linecap=\"round\" stroke-linejoin=\"round\" xmlns=\"http:\/\/www.w3.org\/2000\/svg\"  aria-hidden=\"true\"><line x1=\"5\" y1=\"12\" x2=\"19\" y2=\"12\"\/><polyline points=\"12 5 19 12 12 19\"\/><\/svg><\/span><span class=\"kt-svg-icon-list-text\">Evaluaci\u00f3n psicopedag\u00f3gica<\/span><\/li>\n\n\n<style>.kt-svg-icon-list-item-2638_227c1c-44 .kt-svg-icon-list-text mark.kt-highlight{background-color:unset;font-style:normal;color:#f76a0c;-webkit-box-decoration-break:clone;box-decoration-break:clone;padding-top:0px;padding-right:0px;padding-bottom:0px;padding-left:0px;}<\/style>\n<li class=\"wp-block-kadence-listitem kt-svg-icon-list-item-wrap kt-svg-icon-list-item-2638_227c1c-44\"><span class=\"kb-svg-icon-wrap kb-svg-icon-fe_arrowRight kt-svg-icon-list-single\"><svg viewbox=\"0 0 24 24\"  fill=\"none\" stroke=\"currentColor\" stroke-width=\"2\" stroke-linecap=\"round\" stroke-linejoin=\"round\" xmlns=\"http:\/\/www.w3.org\/2000\/svg\"  aria-hidden=\"true\"><line x1=\"5\" y1=\"12\" x2=\"19\" y2=\"12\"\/><polyline points=\"12 5 19 12 12 19\"\/><\/svg><\/span><span class=\"kt-svg-icon-list-text\">Intervenci\u00f3n y suporte del aprendizaje<\/span><\/li>\n\n\n<style>.kt-svg-icon-list-item-2638_c5fe55-36 .kt-svg-icon-list-text mark.kt-highlight{background-color:unset;font-style:normal;color:#f76a0c;-webkit-box-decoration-break:clone;box-decoration-break:clone;padding-top:0px;padding-right:0px;padding-bottom:0px;padding-left:0px;}<\/style>\n<li class=\"wp-block-kadence-listitem kt-svg-icon-list-item-wrap kt-svg-icon-list-item-2638_c5fe55-36\"><span class=\"kb-svg-icon-wrap kb-svg-icon-fe_arrowRight kt-svg-icon-list-single\"><svg viewbox=\"0 0 24 24\"  fill=\"none\" stroke=\"currentColor\" stroke-width=\"2\" stroke-linecap=\"round\" stroke-linejoin=\"round\" xmlns=\"http:\/\/www.w3.org\/2000\/svg\"  aria-hidden=\"true\"><line x1=\"5\" y1=\"12\" x2=\"19\" y2=\"12\"\/><polyline points=\"12 5 19 12 12 19\"\/><\/svg><\/span><span class=\"kt-svg-icon-list-text\">Orientaci\u00f3n acad\u00e9mica y profesional.<\/span><\/li>\n\n\n<style>.kt-svg-icon-list-item-2638_5c6718-50 .kt-svg-icon-list-text mark.kt-highlight{background-color:unset;font-style:normal;color:#f76a0c;-webkit-box-decoration-break:clone;box-decoration-break:clone;padding-top:0px;padding-right:0px;padding-bottom:0px;padding-left:0px;}<\/style>\n<li class=\"wp-block-kadence-listitem kt-svg-icon-list-item-wrap kt-svg-icon-list-item-2638_5c6718-50\"><span class=\"kb-svg-icon-wrap kb-svg-icon-fe_arrowRight kt-svg-icon-list-single\"><svg viewbox=\"0 0 24 24\"  fill=\"none\" stroke=\"currentColor\" stroke-width=\"2\" stroke-linecap=\"round\" stroke-linejoin=\"round\" xmlns=\"http:\/\/www.w3.org\/2000\/svg\"  aria-hidden=\"true\"><line x1=\"5\" y1=\"12\" x2=\"19\" y2=\"12\"\/><polyline points=\"12 5 19 12 12 19\"\/><\/svg><\/span><span class=\"kt-svg-icon-list-text\">Apoyo emocional y social<\/span><\/li>\n\n\n<style>.kt-svg-icon-list-item-2638_17626e-40 .kt-svg-icon-list-text mark.kt-highlight{background-color:unset;font-style:normal;color:#f76a0c;-webkit-box-decoration-break:clone;box-decoration-break:clone;padding-top:0px;padding-right:0px;padding-bottom:0px;padding-left:0px;}<\/style>\n<li class=\"wp-block-kadence-listitem kt-svg-icon-list-item-wrap kt-svg-icon-list-item-2638_17626e-40\"><span class=\"kb-svg-icon-wrap kb-svg-icon-fe_arrowRight kt-svg-icon-list-single\"><svg viewbox=\"0 0 24 24\"  fill=\"none\" stroke=\"currentColor\" stroke-width=\"2\" stroke-linecap=\"round\" stroke-linejoin=\"round\" xmlns=\"http:\/\/www.w3.org\/2000\/svg\"  aria-hidden=\"true\"><line x1=\"5\" y1=\"12\" x2=\"19\" y2=\"12\"\/><polyline points=\"12 5 19 12 12 19\"\/><\/svg><\/span><span class=\"kt-svg-icon-list-text\">Asesoramiento a familias y docentes.<\/span><\/li>\n\n\n<style>.kt-svg-icon-list-item-2638_3a5309-18 .kt-svg-icon-list-text mark.kt-highlight{background-color:unset;font-style:normal;color:#f76a0c;-webkit-box-decoration-break:clone;box-decoration-break:clone;padding-top:0px;padding-right:0px;padding-bottom:0px;padding-left:0px;}<\/style>\n<li class=\"wp-block-kadence-listitem kt-svg-icon-list-item-wrap kt-svg-icon-list-item-2638_3a5309-18\"><span class=\"kb-svg-icon-wrap kb-svg-icon-fe_arrowRight kt-svg-icon-list-single\"><svg viewbox=\"0 0 24 24\"  fill=\"none\" stroke=\"currentColor\" stroke-width=\"2\" stroke-linecap=\"round\" stroke-linejoin=\"round\" xmlns=\"http:\/\/www.w3.org\/2000\/svg\"  aria-hidden=\"true\"><line x1=\"5\" y1=\"12\" x2=\"19\" y2=\"12\"\/><polyline points=\"12 5 19 12 12 19\"\/><\/svg><\/span><span class=\"kt-svg-icon-list-text\">Talleres y actividades grupales.<\/span><\/li>\n<\/ul><\/div>\n<\/div>\n<\/div><\/div>\n\n\n\n<div data-aos= \"fade-right\" data-aos-duration=\"400\" data-aos-delay=\"0\" data-aos-easing=\"ease\" data-aos-once=\"true\" class=\"wp-block-uagb-container uagb-block-7e9eb669 alignfull uagb-is-root-container\"><div class=\"uagb-container-inner-blocks-wrap\">\n<div class=\"wp-block-uagb-container uagb-block-454599aa\">\n<div class=\"wp-block-uagb-advanced-heading uagb-block-ff709adb\"><h3 class=\"uagb-heading-text\">Reeducaci\u00f3n<\/h3><div class=\"uagb-separator\"><\/div><\/div>\n\n\n\n<p>La <strong>reeducaci\u00f3 pedag\u00f2gica<\/strong> es una intervenci\u00f3n psicoeducativa dirigida a estimular y potenciar las habilidades cognitivas y conductuales de una persona.<\/p>\n\n\n\n<p>Mediante el entrenamiento sistem\u00e1tico y personalizado, el objetivo principal es recuperar los procesos de aprendizaje, aumentar la capacidad de atenci\u00f3n y concentraci\u00f3n, mejorar la autoestima y seguridad.<\/p>\n\n\n\n<p>Por eso, la finalidad de la reeducaci\u00f3n en Psicoeduca es que la persona llegue a obtener el m\u00e1ximo rendimiento personal posible.<\/p>\n<\/div>\n\n\n\n<div class=\"wp-block-uagb-container uagb-block-b2ca69a3\">\n<p>A <strong>Psicoeduca<\/strong> realizamos las siguientes intervenciones:<\/p>\n\n\n<style>.wp-block-kadence-iconlist.kt-svg-icon-list-items2638_67deaa-a9:not(.this-stops-third-party-issues){margin-top:0px;margin-bottom:0px;}.wp-block-kadence-iconlist.kt-svg-icon-list-items2638_67deaa-a9 ul.kt-svg-icon-list:not(.this-prevents-issues):not(.this-stops-third-party-issues):not(.tijsloc){margin-top:0px;margin-right:0px;margin-bottom:var(--global-kb-spacing-sm, 1.5rem);margin-left:0px;}.wp-block-kadence-iconlist.kt-svg-icon-list-items2638_67deaa-a9 ul.kt-svg-icon-list{grid-row-gap:5px;}.wp-block-kadence-iconlist.kt-svg-icon-list-items2638_67deaa-a9 ul.kt-svg-icon-list .kt-svg-icon-list-item-wrap .kt-svg-icon-list-single{margin-right:10px;}.kt-svg-icon-list-items2638_67deaa-a9 ul.kt-svg-icon-list .kt-svg-icon-list-level-0 .kt-svg-icon-list-single svg{font-size:20px;}<\/style>\n<div class=\"wp-block-kadence-iconlist kt-svg-icon-list-items kt-svg-icon-list-items2638_67deaa-a9 kt-svg-icon-list-columns-1 alignnone\"><ul class=\"kt-svg-icon-list\"><style>.kt-svg-icon-list-item-2638_198163-bb .kt-svg-icon-list-text mark.kt-highlight{background-color:unset;font-style:normal;color:#f76a0c;-webkit-box-decoration-break:clone;box-decoration-break:clone;padding-top:0px;padding-right:0px;padding-bottom:0px;padding-left:0px;}<\/style>\n<li class=\"wp-block-kadence-listitem kt-svg-icon-list-item-wrap kt-svg-icon-list-item-2638_198163-bb\"><span class=\"kb-svg-icon-wrap kb-svg-icon-fe_arrowRight kt-svg-icon-list-single\"><svg viewbox=\"0 0 24 24\"  fill=\"none\" stroke=\"currentColor\" stroke-width=\"2\" stroke-linecap=\"round\" stroke-linejoin=\"round\" xmlns=\"http:\/\/www.w3.org\/2000\/svg\"  aria-hidden=\"true\"><line x1=\"5\" y1=\"12\" x2=\"19\" y2=\"12\"\/><polyline points=\"12 5 19 12 12 19\"\/><\/svg><\/span><span class=\"kt-svg-icon-list-text\">Intervenci\u00f3n para reeducar la Dislexia.<\/span><\/li>\n\n\n<style>.kt-svg-icon-list-item-2638_c00d9e-09 .kt-svg-icon-list-text mark.kt-highlight{background-color:unset;font-style:normal;color:#f76a0c;-webkit-box-decoration-break:clone;box-decoration-break:clone;padding-top:0px;padding-right:0px;padding-bottom:0px;padding-left:0px;}<\/style>\n<li class=\"wp-block-kadence-listitem kt-svg-icon-list-item-wrap kt-svg-icon-list-item-2638_c00d9e-09\"><span class=\"kb-svg-icon-wrap kb-svg-icon-fe_arrowRight kt-svg-icon-list-single\"><svg viewbox=\"0 0 24 24\"  fill=\"none\" stroke=\"currentColor\" stroke-width=\"2\" stroke-linecap=\"round\" stroke-linejoin=\"round\" xmlns=\"http:\/\/www.w3.org\/2000\/svg\"  aria-hidden=\"true\"><line x1=\"5\" y1=\"12\" x2=\"19\" y2=\"12\"\/><polyline points=\"12 5 19 12 12 19\"\/><\/svg><\/span><span class=\"kt-svg-icon-list-text\">Intervenci\u00f3n para reeducar la Discalculia.<\/span><\/li>\n\n\n<style>.kt-svg-icon-list-item-2638_058130-3d .kt-svg-icon-list-text mark.kt-highlight{background-color:unset;font-style:normal;color:#f76a0c;-webkit-box-decoration-break:clone;box-decoration-break:clone;padding-top:0px;padding-right:0px;padding-bottom:0px;padding-left:0px;}<\/style>\n<li class=\"wp-block-kadence-listitem kt-svg-icon-list-item-wrap kt-svg-icon-list-item-2638_058130-3d\"><span class=\"kb-svg-icon-wrap kb-svg-icon-fe_arrowRight kt-svg-icon-list-single\"><svg viewbox=\"0 0 24 24\"  fill=\"none\" stroke=\"currentColor\" stroke-width=\"2\" stroke-linecap=\"round\" stroke-linejoin=\"round\" xmlns=\"http:\/\/www.w3.org\/2000\/svg\"  aria-hidden=\"true\"><line x1=\"5\" y1=\"12\" x2=\"19\" y2=\"12\"\/><polyline points=\"12 5 19 12 12 19\"\/><\/svg><\/span><span class=\"kt-svg-icon-list-text\">Reeducaci\u00f3n del Proceso Lectoescritor.<\/span><\/li>\n\n\n<style>.kt-svg-icon-list-item-2638_4ee084-4b .kt-svg-icon-list-text mark.kt-highlight{background-color:unset;font-style:normal;color:#f76a0c;-webkit-box-decoration-break:clone;box-decoration-break:clone;padding-top:0px;padding-right:0px;padding-bottom:0px;padding-left:0px;}<\/style>\n<li class=\"wp-block-kadence-listitem kt-svg-icon-list-item-wrap kt-svg-icon-list-item-2638_4ee084-4b\"><span class=\"kb-svg-icon-wrap kb-svg-icon-fe_arrowRight kt-svg-icon-list-single\"><svg viewbox=\"0 0 24 24\"  fill=\"none\" stroke=\"currentColor\" stroke-width=\"2\" stroke-linecap=\"round\" stroke-linejoin=\"round\" xmlns=\"http:\/\/www.w3.org\/2000\/svg\"  aria-hidden=\"true\"><line x1=\"5\" y1=\"12\" x2=\"19\" y2=\"12\"\/><polyline points=\"12 5 19 12 12 19\"\/><\/svg><\/span><span class=\"kt-svg-icon-list-text\">Reeducaci\u00f3n y desarrollo del Lenguaje.<\/span><\/li>\n\n\n<style>.kt-svg-icon-list-item-2638_b19e3b-66 .kt-svg-icon-list-text mark.kt-highlight{background-color:unset;font-style:normal;color:#f76a0c;-webkit-box-decoration-break:clone;box-decoration-break:clone;padding-top:0px;padding-right:0px;padding-bottom:0px;padding-left:0px;}<\/style>\n<li class=\"wp-block-kadence-listitem kt-svg-icon-list-item-wrap kt-svg-icon-list-item-2638_b19e3b-66\"><span class=\"kb-svg-icon-wrap kb-svg-icon-fe_arrowRight kt-svg-icon-list-single\"><svg viewbox=\"0 0 24 24\"  fill=\"none\" stroke=\"currentColor\" stroke-width=\"2\" stroke-linecap=\"round\" stroke-linejoin=\"round\" xmlns=\"http:\/\/www.w3.org\/2000\/svg\"  aria-hidden=\"true\"><line x1=\"5\" y1=\"12\" x2=\"19\" y2=\"12\"\/><polyline points=\"12 5 19 12 12 19\"\/><\/svg><\/span><span class=\"kt-svg-icon-list-text\">Estimulaci\u00f3n y desarrollo de las funciones ejecutivas (atenci\u00f3n, memoria, organizaci\u00f3n y planificaci\u00f3n, etc.).<\/span><\/li>\n\n\n<style>.kt-svg-icon-list-item-2638_e5c7a5-32 .kt-svg-icon-list-text mark.kt-highlight{background-color:unset;font-style:normal;color:#f76a0c;-webkit-box-decoration-break:clone;box-decoration-break:clone;padding-top:0px;padding-right:0px;padding-bottom:0px;padding-left:0px;}<\/style>\n<li class=\"wp-block-kadence-listitem kt-svg-icon-list-item-wrap kt-svg-icon-list-item-2638_e5c7a5-32\"><span class=\"kb-svg-icon-wrap kb-svg-icon-fe_arrowRight kt-svg-icon-list-single\"><svg viewbox=\"0 0 24 24\"  fill=\"none\" stroke=\"currentColor\" stroke-width=\"2\" stroke-linecap=\"round\" stroke-linejoin=\"round\" xmlns=\"http:\/\/www.w3.org\/2000\/svg\"  aria-hidden=\"true\"><line x1=\"5\" y1=\"12\" x2=\"19\" y2=\"12\"\/><polyline points=\"12 5 19 12 12 19\"\/><\/svg><\/span><span class=\"kt-svg-icon-list-text\">Entrenamiento de las aptitudes mentales que intervienen en el aprendizaje escolar: Razonamiento, Num\u00e9rica, Verbal y Visoespacial.<\/span><\/li>\n\n\n<style>.kt-svg-icon-list-item-2638_831438-c7 .kt-svg-icon-list-text mark.kt-highlight{background-color:unset;font-style:normal;color:#f76a0c;-webkit-box-decoration-break:clone;box-decoration-break:clone;padding-top:0px;padding-right:0px;padding-bottom:0px;padding-left:0px;}<\/style>\n<li class=\"wp-block-kadence-listitem kt-svg-icon-list-item-wrap kt-svg-icon-list-item-2638_831438-c7\"><span class=\"kb-svg-icon-wrap kb-svg-icon-fe_arrowRight kt-svg-icon-list-single\"><svg viewbox=\"0 0 24 24\"  fill=\"none\" stroke=\"currentColor\" stroke-width=\"2\" stroke-linecap=\"round\" stroke-linejoin=\"round\" xmlns=\"http:\/\/www.w3.org\/2000\/svg\"  aria-hidden=\"true\"><line x1=\"5\" y1=\"12\" x2=\"19\" y2=\"12\"\/><polyline points=\"12 5 19 12 12 19\"\/><\/svg><\/span><span class=\"kt-svg-icon-list-text\">Desarrollo de la Comprensi\u00f3n Lectora, Expresi\u00f3n Escrita y Resoluci\u00f3n de Problemas Matem\u00e1ticos.<\/span><\/li>\n\n\n<style>.kt-svg-icon-list-item-2638_5ae24a-03 .kt-svg-icon-list-text mark.kt-highlight{background-color:unset;font-style:normal;color:#f76a0c;-webkit-box-decoration-break:clone;box-decoration-break:clone;padding-top:0px;padding-right:0px;padding-bottom:0px;padding-left:0px;}<\/style>\n<li class=\"wp-block-kadence-listitem kt-svg-icon-list-item-wrap kt-svg-icon-list-item-2638_5ae24a-03\"><span class=\"kb-svg-icon-wrap kb-svg-icon-fe_arrowRight kt-svg-icon-list-single\"><svg viewbox=\"0 0 24 24\"  fill=\"none\" stroke=\"currentColor\" stroke-width=\"2\" stroke-linecap=\"round\" stroke-linejoin=\"round\" xmlns=\"http:\/\/www.w3.org\/2000\/svg\"  aria-hidden=\"true\"><line x1=\"5\" y1=\"12\" x2=\"19\" y2=\"12\"\/><polyline points=\"12 5 19 12 12 19\"\/><\/svg><\/span><span class=\"kt-svg-icon-list-text\">Bajo rendimiento acad\u00e9mico.<\/span><\/li>\n<\/ul><\/div>\n<\/div>\n<\/div><\/div>\n\n\n\n<div data-aos= \"fade-left\" data-aos-duration=\"400\" data-aos-delay=\"0\" data-aos-easing=\"ease\" data-aos-once=\"true\" class=\"wp-block-uagb-container uagb-block-c52a0ad5 alignfull uagb-is-root-container\"><div class=\"uagb-container-inner-blocks-wrap\">\n<div class=\"wp-block-uagb-container uagb-block-d6cf898e\">\n<div class=\"wp-block-uagb-advanced-heading uagb-block-269dba08\"><h3 class=\"uagb-heading-text\">Orientaci\u00f3n familiar<\/h3><div class=\"uagb-separator\"><\/div><\/div>\n\n\n\n<p>Educar no siempre es f\u00e1cil. A veces nos faltan herramientas, informaci\u00f3n o simplemente alguien que nos acompa\u00f1e. <strong>L\u2019orientaci\u00f3 familiar<\/strong> ofrece apoyo y gu\u00eda para afrontar los retos cotidianos de la crianza.<\/p>\n\n\n\n<p>Establecer h\u00e1bitos y rutinas claras ayuda a los ni\u00f1os a sentirse seguros. Es fundamental que ambos progenitores vayan a la par, sean coherentes y se comuniquen con claridad. Cuando hay desconexi\u00f3n o contradicciones, pueden aparecer inseguridades o conflictos.<\/p>\n<\/div>\n\n\n\n<div class=\"wp-block-uagb-container uagb-block-a159722d\">\n<p>Ofrecemos:<\/p>\n\n\n<style>.wp-block-kadence-iconlist.kt-svg-icon-list-items2638_6563d3-4e:not(.this-stops-third-party-issues){margin-top:0px;margin-bottom:0px;}.wp-block-kadence-iconlist.kt-svg-icon-list-items2638_6563d3-4e ul.kt-svg-icon-list:not(.this-prevents-issues):not(.this-stops-third-party-issues):not(.tijsloc){margin-top:0px;margin-right:0px;margin-bottom:var(--global-kb-spacing-sm, 1.5rem);margin-left:0px;}.wp-block-kadence-iconlist.kt-svg-icon-list-items2638_6563d3-4e ul.kt-svg-icon-list{grid-row-gap:5px;}.wp-block-kadence-iconlist.kt-svg-icon-list-items2638_6563d3-4e ul.kt-svg-icon-list .kt-svg-icon-list-item-wrap .kt-svg-icon-list-single{margin-right:10px;}.kt-svg-icon-list-items2638_6563d3-4e ul.kt-svg-icon-list .kt-svg-icon-list-level-0 .kt-svg-icon-list-single svg{font-size:20px;}<\/style>\n<div class=\"wp-block-kadence-iconlist kt-svg-icon-list-items kt-svg-icon-list-items2638_6563d3-4e kt-svg-icon-list-columns-1 alignnone\"><ul class=\"kt-svg-icon-list\"><style>.kt-svg-icon-list-item-2638_b94536-5d .kt-svg-icon-list-text mark.kt-highlight{background-color:unset;font-style:normal;color:#f76a0c;-webkit-box-decoration-break:clone;box-decoration-break:clone;padding-top:0px;padding-right:0px;padding-bottom:0px;padding-left:0px;}<\/style>\n<li class=\"wp-block-kadence-listitem kt-svg-icon-list-item-wrap kt-svg-icon-list-item-2638_b94536-5d\"><span class=\"kb-svg-icon-wrap kb-svg-icon-fe_arrowRight kt-svg-icon-list-single\"><svg viewbox=\"0 0 24 24\"  fill=\"none\" stroke=\"currentColor\" stroke-width=\"2\" stroke-linecap=\"round\" stroke-linejoin=\"round\" xmlns=\"http:\/\/www.w3.org\/2000\/svg\"  aria-hidden=\"true\"><line x1=\"5\" y1=\"12\" x2=\"19\" y2=\"12\"\/><polyline points=\"12 5 19 12 12 19\"\/><\/svg><\/span><span class=\"kt-svg-icon-list-text\">Planificaci\u00f3n de rutinas y h\u00e1bitos.<\/span><\/li>\n\n\n<style>.kt-svg-icon-list-item-2638_d57309-07 .kt-svg-icon-list-text mark.kt-highlight{background-color:unset;font-style:normal;color:#f76a0c;-webkit-box-decoration-break:clone;box-decoration-break:clone;padding-top:0px;padding-right:0px;padding-bottom:0px;padding-left:0px;}<\/style>\n<li class=\"wp-block-kadence-listitem kt-svg-icon-list-item-wrap kt-svg-icon-list-item-2638_d57309-07\"><span class=\"kb-svg-icon-wrap kb-svg-icon-fe_arrowRight kt-svg-icon-list-single\"><svg viewbox=\"0 0 24 24\"  fill=\"none\" stroke=\"currentColor\" stroke-width=\"2\" stroke-linecap=\"round\" stroke-linejoin=\"round\" xmlns=\"http:\/\/www.w3.org\/2000\/svg\"  aria-hidden=\"true\"><line x1=\"5\" y1=\"12\" x2=\"19\" y2=\"12\"\/><polyline points=\"12 5 19 12 12 19\"\/><\/svg><\/span><span class=\"kt-svg-icon-list-text\">Acompa\u00f1amiento en la adolescencia.<\/span><\/li>\n\n\n<style>.kt-svg-icon-list-item-2638_a13484-7f .kt-svg-icon-list-text mark.kt-highlight{background-color:unset;font-style:normal;color:#f76a0c;-webkit-box-decoration-break:clone;box-decoration-break:clone;padding-top:0px;padding-right:0px;padding-bottom:0px;padding-left:0px;}<\/style>\n<li class=\"wp-block-kadence-listitem kt-svg-icon-list-item-wrap kt-svg-icon-list-item-2638_a13484-7f\"><span class=\"kb-svg-icon-wrap kb-svg-icon-fe_arrowRight kt-svg-icon-list-single\"><svg viewbox=\"0 0 24 24\"  fill=\"none\" stroke=\"currentColor\" stroke-width=\"2\" stroke-linecap=\"round\" stroke-linejoin=\"round\" xmlns=\"http:\/\/www.w3.org\/2000\/svg\"  aria-hidden=\"true\"><line x1=\"5\" y1=\"12\" x2=\"19\" y2=\"12\"\/><polyline points=\"12 5 19 12 12 19\"\/><\/svg><\/span><span class=\"kt-svg-icon-list-text\">Orientaci\u00f3n familiar en el reconocimiento de las emociones, rabietas, retirada del pa\u00f1al, alimentaci\u00f3n, miedos nocturnos\u2026<\/span><\/li>\n<\/ul><\/div>\n<\/div>\n<\/div><\/div>\n\n\n\n<p><\/p>","protected":false},"excerpt":{"rendered":"<p>Serveis Psicopedagogia La psicopedagogia \u00e9s una disciplina que integra coneixements de la psicologia i de la pedagogia amb l\u2019objectiu de millorar els processos d\u2019aprenentatge i desenvolupament personal de les persones, especialment durant l\u2019etapa escolar, per\u00f2 tamb\u00e9 al llarg de tota la vida. Treballa aquells aspectes relacionats amb l\u2019aprenentatge i les dificultats que poden anar apareixent [&hellip;]<\/p>","protected":false},"author":1,"featured_media":0,"parent":0,"menu_order":0,"comment_status":"closed","ping_status":"closed","template":"","meta":{"_uag_custom_page_level_css":"","site-sidebar-layout":"no-sidebar","site-content-layout":"plain-container","ast-site-content-layout":"full-width-container","site-content-style":"unboxed","site-sidebar-style":"unboxed","ast-global-header-display":"","ast-banner-title-visibility":"","ast-main-header-display":"","ast-hfb-above-header-display":"","ast-hfb-below-header-display":"","ast-hfb-mobile-header-display":"","site-post-title":"disabled","ast-breadcrumbs-content":"","ast-featured-img":"","footer-sml-layout":"","ast-disable-related-posts":"","theme-transparent-header-meta":"enabled","adv-header-id-meta":"","stick-header-meta":"","header-above-stick-meta":"","header-main-stick-meta":"","header-below-stick-meta":"","astra-migrate-meta-layouts":"set","ast-page-background-enabled":"default","ast-page-background-meta":{"desktop":{"background-color":"","background-image":"","background-repeat":"repeat","background-position":"center center","background-size":"auto","background-attachment":"scroll","background-type":"","background-media":"","overlay-type":"","overlay-color":"","overlay-opacity":"","overlay-gradient":""},"tablet":{"background-color":"","background-image":"","background-repeat":"repeat","background-position":"center center","background-size":"auto","background-attachment":"scroll","background-type":"","background-media":"","overlay-type":"","overlay-color":"","overlay-opacity":"","overlay-gradient":""},"mobile":{"background-color":"","background-image":"","background-repeat":"repeat","background-position":"center center","background-size":"auto","background-attachment":"scroll","background-type":"","background-media":"","overlay-type":"","overlay-color":"","overlay-opacity":"","overlay-gradient":""}},"ast-content-background-meta":{"desktop":{"background-color":"var(--ast-global-color-5)","background-image":"","background-repeat":"repeat","background-position":"center center","background-size":"auto","background-attachment":"scroll","background-type":"","background-media":"","overlay-type":"","overlay-color":"","overlay-opacity":"","overlay-gradient":""},"tablet":{"background-color":"var(--ast-global-color-5)","background-image":"","background-repeat":"repeat","background-position":"center center","background-size":"auto","background-attachment":"scroll","background-type":"","background-media":"","overlay-type":"","overlay-color":"","overlay-opacity":"","overlay-gradient":""},"mobile":{"background-color":"var(--ast-global-color-5)","background-image":"","background-repeat":"repeat","background-position":"center center","background-size":"auto","background-attachment":"scroll","background-type":"","background-media":"","overlay-type":"","overlay-color":"","overlay-opacity":"","overlay-gradient":""}},"_kadence_starter_templates_imported_post":false,"footnotes":""},"class_list":["post-2638","page","type-page","status-publish","hentry"],"yoast_head":"<!-- This site is optimized with the Yoast SEO plugin v27.4 - https:\/\/yoast.com\/product\/yoast-seo-wordpress\/ -->\n<title>Serveis - Psicoeduca Lleida<\/title>\n<meta name=\"description\" content=\"Psicoeduca Lleida es un gabinet de Psicopedagogia a Lleida, on ens exigim qualitat en cada projecte, producte o servei, perqu\u00e8 sabem que tu tamb\u00e9 la valores.Ens prenem seriosament cada repte i treballem amb criteri i exig\u00e8ncia per oferir-te el millor.Creiem en la personalitzaci\u00f3 com a clau de l\u2019\u00e8xit. Cada client \u00e9s \u00fanic, i aix\u00ed ho fem notar.\" \/>\n<meta name=\"robots\" content=\"index, follow, max-snippet:-1, max-image-preview:large, max-video-preview:-1\" \/>\n<link rel=\"canonical\" href=\"https:\/\/psicoeducalleida.com\/es\/serveis\/\" \/>\n<meta property=\"og:locale\" content=\"es_ES\" \/>\n<meta property=\"og:type\" content=\"article\" \/>\n<meta property=\"og:title\" content=\"Serveis - Psicoeduca Lleida\" \/>\n<meta property=\"og:description\" content=\"Psicoeduca Lleida es un gabinet de Psicopedagogia a Lleida, on ens exigim qualitat en cada projecte, producte o servei, perqu\u00e8 sabem que tu tamb\u00e9 la valores.Ens prenem seriosament cada repte i treballem amb criteri i exig\u00e8ncia per oferir-te el millor.Creiem en la personalitzaci\u00f3 com a clau de l\u2019\u00e8xit. Cada client \u00e9s \u00fanic, i aix\u00ed ho fem notar.\" \/>\n<meta property=\"og:url\" content=\"https:\/\/psicoeducalleida.com\/es\/serveis\/\" \/>\n<meta property=\"og:site_name\" content=\"Psicoeduca Lleida\" \/>\n<meta property=\"article:modified_time\" content=\"2025-05-13T16:08:31+00:00\" \/>\n<meta name=\"twitter:card\" content=\"summary_large_image\" \/>\n<meta name=\"twitter:label1\" content=\"Tiempo de lectura\" \/>\n\t<meta name=\"twitter:data1\" content=\"2 minutos\" \/>\n<script type=\"application\/ld+json\" class=\"yoast-schema-graph\">{\"@context\":\"https:\\\/\\\/schema.org\",\"@graph\":[{\"@type\":\"WebPage\",\"@id\":\"https:\\\/\\\/psicoeducalleida.com\\\/serveis\\\/\",\"url\":\"https:\\\/\\\/psicoeducalleida.com\\\/serveis\\\/\",\"name\":\"Serveis - Psicoeduca Lleida\",\"isPartOf\":{\"@id\":\"https:\\\/\\\/psicoeducalleida.com\\\/#website\"},\"datePublished\":\"2025-05-12T08:48:30+00:00\",\"dateModified\":\"2025-05-13T16:08:31+00:00\",\"description\":\"Psicoeduca Lleida es un gabinet de Psicopedagogia a Lleida, on ens exigim qualitat en cada projecte, producte o servei, perqu\u00e8 sabem que tu tamb\u00e9 la valores.Ens prenem seriosament cada repte i treballem amb criteri i exig\u00e8ncia per oferir-te el millor.Creiem en la personalitzaci\u00f3 com a clau de l\u2019\u00e8xit. Cada client \u00e9s \u00fanic, i aix\u00ed ho fem notar.\",\"breadcrumb\":{\"@id\":\"https:\\\/\\\/psicoeducalleida.com\\\/serveis\\\/#breadcrumb\"},\"inLanguage\":\"es\",\"potentialAction\":[{\"@type\":\"ReadAction\",\"target\":[\"https:\\\/\\\/psicoeducalleida.com\\\/serveis\\\/\"]}]},{\"@type\":\"BreadcrumbList\",\"@id\":\"https:\\\/\\\/psicoeducalleida.com\\\/serveis\\\/#breadcrumb\",\"itemListElement\":[{\"@type\":\"ListItem\",\"position\":1,\"name\":\"Portada\",\"item\":\"https:\\\/\\\/psicoeducalleida.com\\\/\"},{\"@type\":\"ListItem\",\"position\":2,\"name\":\"Serveis\"}]},{\"@type\":\"WebSite\",\"@id\":\"https:\\\/\\\/psicoeducalleida.com\\\/#website\",\"url\":\"https:\\\/\\\/psicoeducalleida.com\\\/\",\"name\":\"Psicoeduca Lleida\",\"description\":\"Servei de psicologia i psicopedagogia a Lleida per a infants, joves i fam\u00edlies. Acompanyament personalitzat i professional\",\"publisher\":{\"@id\":\"https:\\\/\\\/psicoeducalleida.com\\\/#organization\"},\"potentialAction\":[{\"@type\":\"SearchAction\",\"target\":{\"@type\":\"EntryPoint\",\"urlTemplate\":\"https:\\\/\\\/psicoeducalleida.com\\\/?s={search_term_string}\"},\"query-input\":{\"@type\":\"PropertyValueSpecification\",\"valueRequired\":true,\"valueName\":\"search_term_string\"}}],\"inLanguage\":\"es\"},{\"@type\":\"Organization\",\"@id\":\"https:\\\/\\\/psicoeducalleida.com\\\/#organization\",\"name\":\"Psicoeduca Lleida\",\"url\":\"https:\\\/\\\/psicoeducalleida.com\\\/\",\"logo\":{\"@type\":\"ImageObject\",\"inLanguage\":\"es\",\"@id\":\"https:\\\/\\\/psicoeducalleida.com\\\/#\\\/schema\\\/logo\\\/image\\\/\",\"url\":\"https:\\\/\\\/psicoeducalleida.com\\\/wp-content\\\/uploads\\\/2025\\\/04\\\/cropped-cropped-logo-sin-fondo-final-2.png\",\"contentUrl\":\"https:\\\/\\\/psicoeducalleida.com\\\/wp-content\\\/uploads\\\/2025\\\/04\\\/cropped-cropped-logo-sin-fondo-final-2.png\",\"width\":1024,\"height\":524,\"caption\":\"Psicoeduca Lleida\"},\"image\":{\"@id\":\"https:\\\/\\\/psicoeducalleida.com\\\/#\\\/schema\\\/logo\\\/image\\\/\"}}]}<\/script>\n<!-- \/ Yoast SEO plugin. -->","yoast_head_json":{"title":"Serveis - Psicoeduca Lleida","description":"Psicoeduca Lleida es un gabinet de Psicopedagogia a Lleida, on ens exigim qualitat en cada projecte, producte o servei, perqu\u00e8 sabem que tu tamb\u00e9 la valores.Ens prenem seriosament cada repte i treballem amb criteri i exig\u00e8ncia per oferir-te el millor.Creiem en la personalitzaci\u00f3 com a clau de l\u2019\u00e8xit. Cada client \u00e9s \u00fanic, i aix\u00ed ho fem notar.","robots":{"index":"index","follow":"follow","max-snippet":"max-snippet:-1","max-image-preview":"max-image-preview:large","max-video-preview":"max-video-preview:-1"},"canonical":"https:\/\/psicoeducalleida.com\/es\/serveis\/","og_locale":"es_ES","og_type":"article","og_title":"Serveis - Psicoeduca Lleida","og_description":"Psicoeduca Lleida es un gabinet de Psicopedagogia a Lleida, on ens exigim qualitat en cada projecte, producte o servei, perqu\u00e8 sabem que tu tamb\u00e9 la valores.Ens prenem seriosament cada repte i treballem amb criteri i exig\u00e8ncia per oferir-te el millor.Creiem en la personalitzaci\u00f3 com a clau de l\u2019\u00e8xit. Cada client \u00e9s \u00fanic, i aix\u00ed ho fem notar.","og_url":"https:\/\/psicoeducalleida.com\/es\/serveis\/","og_site_name":"Psicoeduca Lleida","article_modified_time":"2025-05-13T16:08:31+00:00","twitter_card":"summary_large_image","twitter_misc":{"Tiempo de lectura":"2 minutos"},"schema":{"@context":"https:\/\/schema.org","@graph":[{"@type":"WebPage","@id":"https:\/\/psicoeducalleida.com\/serveis\/","url":"https:\/\/psicoeducalleida.com\/serveis\/","name":"Serveis - Psicoeduca Lleida","isPartOf":{"@id":"https:\/\/psicoeducalleida.com\/#website"},"datePublished":"2025-05-12T08:48:30+00:00","dateModified":"2025-05-13T16:08:31+00:00","description":"Psicoeduca Lleida es un gabinet de Psicopedagogia a Lleida, on ens exigim qualitat en cada projecte, producte o servei, perqu\u00e8 sabem que tu tamb\u00e9 la valores.Ens prenem seriosament cada repte i treballem amb criteri i exig\u00e8ncia per oferir-te el millor.Creiem en la personalitzaci\u00f3 com a clau de l\u2019\u00e8xit. Cada client \u00e9s \u00fanic, i aix\u00ed ho fem notar.","breadcrumb":{"@id":"https:\/\/psicoeducalleida.com\/serveis\/#breadcrumb"},"inLanguage":"es","potentialAction":[{"@type":"ReadAction","target":["https:\/\/psicoeducalleida.com\/serveis\/"]}]},{"@type":"BreadcrumbList","@id":"https:\/\/psicoeducalleida.com\/serveis\/#breadcrumb","itemListElement":[{"@type":"ListItem","position":1,"name":"Portada","item":"https:\/\/psicoeducalleida.com\/"},{"@type":"ListItem","position":2,"name":"Serveis"}]},{"@type":"WebSite","@id":"https:\/\/psicoeducalleida.com\/#website","url":"https:\/\/psicoeducalleida.com\/","name":"Psicoeduca Lleida","description":"Servei de psicologia i psicopedagogia a Lleida per a infants, joves i fam\u00edlies. Acompanyament personalitzat i professional","publisher":{"@id":"https:\/\/psicoeducalleida.com\/#organization"},"potentialAction":[{"@type":"SearchAction","target":{"@type":"EntryPoint","urlTemplate":"https:\/\/psicoeducalleida.com\/?s={search_term_string}"},"query-input":{"@type":"PropertyValueSpecification","valueRequired":true,"valueName":"search_term_string"}}],"inLanguage":"es"},{"@type":"Organization","@id":"https:\/\/psicoeducalleida.com\/#organization","name":"Psicoeduca Lleida","url":"https:\/\/psicoeducalleida.com\/","logo":{"@type":"ImageObject","inLanguage":"es","@id":"https:\/\/psicoeducalleida.com\/#\/schema\/logo\/image\/","url":"https:\/\/psicoeducalleida.com\/wp-content\/uploads\/2025\/04\/cropped-cropped-logo-sin-fondo-final-2.png","contentUrl":"https:\/\/psicoeducalleida.com\/wp-content\/uploads\/2025\/04\/cropped-cropped-logo-sin-fondo-final-2.png","width":1024,"height":524,"caption":"Psicoeduca Lleida"},"image":{"@id":"https:\/\/psicoeducalleida.com\/#\/schema\/logo\/image\/"}}]}},"uagb_featured_image_src":{"full":false,"thumbnail":false,"medium":false,"medium_large":false,"large":false,"1536x1536":false,"2048x2048":false,"trp-custom-language-flag":false},"uagb_author_info":{"display_name":"fonfrialuna@gmail.com","author_link":"https:\/\/psicoeducalleida.com\/es\/author\/fonfrialunagmail-com\/"},"uagb_comment_info":0,"uagb_excerpt":"Serveis Psicopedagogia La psicopedagogia \u00e9s una disciplina que integra coneixements de la psicologia i de la pedagogia amb l\u2019objectiu de millorar els processos d\u2019aprenentatge i desenvolupament personal de les persones, especialment durant l\u2019etapa escolar, per\u00f2 tamb\u00e9 al llarg de tota la vida. Treballa aquells aspectes relacionats amb l\u2019aprenentatge i les dificultats que poden anar apareixent&hellip;","_links":{"self":[{"href":"https:\/\/psicoeducalleida.com\/es\/wp-json\/wp\/v2\/pages\/2638","targetHints":{"allow":["GET"]}}],"collection":[{"href":"https:\/\/psicoeducalleida.com\/es\/wp-json\/wp\/v2\/pages"}],"about":[{"href":"https:\/\/psicoeducalleida.com\/es\/wp-json\/wp\/v2\/types\/page"}],"author":[{"embeddable":true,"href":"https:\/\/psicoeducalleida.com\/es\/wp-json\/wp\/v2\/users\/1"}],"replies":[{"embeddable":true,"href":"https:\/\/psicoeducalleida.com\/es\/wp-json\/wp\/v2\/comments?post=2638"}],"version-history":[{"count":13,"href":"https:\/\/psicoeducalleida.com\/es\/wp-json\/wp\/v2\/pages\/2638\/revisions"}],"predecessor-version":[{"id":2876,"href":"https:\/\/psicoeducalleida.com\/es\/wp-json\/wp\/v2\/pages\/2638\/revisions\/2876"}],"wp:attachment":[{"href":"https:\/\/psicoeducalleida.com\/es\/wp-json\/wp\/v2\/media?parent=2638"}],"curies":[{"name":"wp","href":"https:\/\/api.w.org\/{rel}","templated":true}]}}